{"id":1163,"date":"2025-07-14T21:33:35","date_gmt":"2025-07-14T19:33:35","guid":{"rendered":"https:\/\/bekesmegye.reformatus.hu\/?page_id=1163"},"modified":"2025-11-03T12:03:32","modified_gmt":"2025-11-03T10:03:32","slug":"programjaink","status":"publish","type":"page","link":"https:\/\/bekesmegye.reformatus.hu\/?page_id=1163","title":{"rendered":"Programjaink"},"content":{"rendered":"<p>2025 esem\u00e9nyei:<\/p>\n<p><strong><u>Janu\u00e1r: <\/u><\/strong><\/p>\n<p>2025. janu\u00e1r 22-\u00e9n a Magyar Kult\u00fara Napja alkalm\u00e1b\u00f3l rendezett kultur\u00e1lis esten vett\u00fcnk r\u00e9szt a Sinka Istv\u00e1n M\u0171vel\u0151d\u00e9si K\u00f6zpontban.<\/p>\n<p><a href=\"https:\/\/bekesmegye.reformatus.hu\/?attachment_id=1164\" rel=\"attachment wp-att-1164\"><img fetchpriority=\"high\" decoding=\"async\" class=\"size-full wp-image-1164 aligncenter\" src=\"https:\/\/bekesmegye.reformatus.hu\/wp-content\/uploads\/Kep1-1.jpg\" alt=\"\" width=\"804\" height=\"604\" srcset=\"https:\/\/bekesmegye.reformatus.hu\/wp-content\/uploads\/Kep1-1.jpg 804w, https:\/\/bekesmegye.reformatus.hu\/wp-content\/uploads\/Kep1-1-300x225.jpg 300w, https:\/\/bekesmegye.reformatus.hu\/wp-content\/uploads\/Kep1-1-768x577.jpg 768w\" sizes=\"(max-width: 804px) 100vw, 804px\" \/><\/a><\/p>\n<p>&nbsp;<\/p>\n<p style=\"text-align: justify;\"><strong><u>Febru\u00e1r:<\/u><\/strong> Diak\u00f3nia vas\u00e1rnapja alkalm\u00e1n, febru\u00e1r 2-\u00e1n istentiszteleten vett\u00fcnk r\u00e9szt, ahol Kocsis \u00c1d\u00e1m int\u00e9zm\u00e9nyvezet\u0151-lelkip\u00e1sztor szolg\u00e1lt.<\/p>\n<p><a href=\"https:\/\/bekesmegye.reformatus.hu\/?attachment_id=1166\" rel=\"attachment wp-att-1166\"><img decoding=\"async\" class=\"size-full wp-image-1166 aligncenter\" src=\"https:\/\/bekesmegye.reformatus.hu\/wp-content\/uploads\/Kep2.jpg\" alt=\"\" width=\"365\" height=\"811\" srcset=\"https:\/\/bekesmegye.reformatus.hu\/wp-content\/uploads\/Kep2.jpg 365w, https:\/\/bekesmegye.reformatus.hu\/wp-content\/uploads\/Kep2-135x300.jpg 135w\" sizes=\"(max-width: 365px) 100vw, 365px\" \/><\/a><\/p>\n<p>&nbsp;<\/p>\n<p style=\"text-align: justify;\"><strong><u>M\u00e1rcius:<\/u><\/strong> Bibliavas\u00e1rnapon, m\u00e1rcius 2-\u00e1n n\u00e9pes csapat k\u00e9pviselte int\u00e9zm\u00e9ny\u00fcnket az istentiszteleten.<\/p>\n<p><a href=\"https:\/\/bekesmegye.reformatus.hu\/?attachment_id=1167\" rel=\"attachment wp-att-1167\"><img decoding=\"async\" class=\"size-full wp-image-1167 aligncenter\" src=\"https:\/\/bekesmegye.reformatus.hu\/wp-content\/uploads\/Kep3-1.jpg\" alt=\"\" width=\"702\" height=\"526\" srcset=\"https:\/\/bekesmegye.reformatus.hu\/wp-content\/uploads\/Kep3-1.jpg 702w, https:\/\/bekesmegye.reformatus.hu\/wp-content\/uploads\/Kep3-1-300x225.jpg 300w\" sizes=\"(max-width: 702px) 100vw, 702px\" \/><\/a><\/p>\n<p>&nbsp;<\/p>\n<p style=\"text-align: left;\">Farsangi mulats\u00e1gunkat m\u00e1rcius 6-\u00e1n tartottuk meg.<\/p>\n<p><a href=\"https:\/\/bekesmegye.reformatus.hu\/?attachment_id=1168\" rel=\"attachment wp-att-1168\"><img loading=\"lazy\" decoding=\"async\" class=\"alignleft size-full wp-image-1168\" src=\"https:\/\/bekesmegye.reformatus.hu\/wp-content\/uploads\/Kep4.jpg\" alt=\"\" width=\"257\" height=\"193\" \/><\/a><\/p>\n<p>&nbsp;<\/p>\n<p>&nbsp;<\/p>\n<p>&nbsp;<\/p>\n<p>&nbsp;<\/p>\n<p>&nbsp;<\/p>\n<p>&nbsp;<\/p>\n<p>N\u0151nap alkalm\u00e1b\u00f3l int\u00e9zm\u00e9ny\u00fcnk ell\u00e1tottjai<a href=\"https:\/\/bekesmegye.reformatus.hu\/?attachment_id=1169\" rel=\"attachment wp-att-1169\"><img loading=\"lazy\" decoding=\"async\" class=\"size-full wp-image-1169 alignright\" src=\"https:\/\/bekesmegye.reformatus.hu\/wp-content\/uploads\/Kep5.jpg\" alt=\"\" width=\"199\" height=\"265\" \/><\/a><br \/>\nversekkel, \u00e9s az \u00e1ltaluk k\u00e9sz\u00edtett aj\u00e1nd\u00e9k-<br \/>\nvir\u00e1gokkal kedveskedtek n\u0151testv\u00e9reinknek.<\/p>\n<p>&nbsp;<\/p>\n<p>&nbsp;<\/p>\n<p>&nbsp;<\/p>\n<p>&nbsp;<\/p>\n<p>&nbsp;<\/p>\n<p style=\"text-align: justify;\">M\u00e1rcius 15-e alkalm\u00e1b\u00f3l az 1848-49-es forradalomra eml\u00e9kezt\u00fcnk. Az int\u00e9zm\u00e9nyben megeml\u00e9kez\u0151 istentiszteletet tartottunk \u00e9s verssel, pr\u00f3z\u00e1val r\u00f3ttuk le kegyelet\u00fcnket. A V\u00e9szt\u0151i Reform\u00e1tus Egyh\u00e1zk\u00f6zs\u00e9g szervez\u00e9s\u00e9ben pedig r\u00e9szt vehett\u00fcnk a m\u00e1r hagyom\u00e1nny\u00e1 v\u00e1lt f\u00e1kly\u00e1s felvonul\u00e1son is.<\/p>\n<p><a href=\"https:\/\/bekesmegye.reformatus.hu\/?attachment_id=1174\" rel=\"attachment wp-att-1174\"><img loading=\"lazy\" decoding=\"async\" class=\"alignleft wp-image-1174 size-medium\" src=\"https:\/\/bekesmegye.reformatus.hu\/wp-content\/uploads\/Kep6-300x225.jpg\" alt=\"\" width=\"300\" height=\"225\" srcset=\"https:\/\/bekesmegye.reformatus.hu\/wp-content\/uploads\/Kep6-300x225.jpg 300w, https:\/\/bekesmegye.reformatus.hu\/wp-content\/uploads\/Kep6.jpg 736w\" sizes=\"(max-width: 300px) 100vw, 300px\" \/><\/a> <a href=\"https:\/\/bekesmegye.reformatus.hu\/?attachment_id=1175\" rel=\"attachment wp-att-1175\"><img loading=\"lazy\" decoding=\"async\" class=\"wp-image-1175 size-medium alignright\" src=\"https:\/\/bekesmegye.reformatus.hu\/wp-content\/uploads\/Kep7-300x224.jpg\" alt=\"\" width=\"300\" height=\"224\" srcset=\"https:\/\/bekesmegye.reformatus.hu\/wp-content\/uploads\/Kep7-300x224.jpg 300w, https:\/\/bekesmegye.reformatus.hu\/wp-content\/uploads\/Kep7.jpg 349w\" sizes=\"(max-width: 300px) 100vw, 300px\" \/><\/a><\/p>\n<p>&nbsp;<\/p>\n<p>&nbsp;<\/p>\n<p>&nbsp;<\/p>\n<p>&nbsp;<\/p>\n<p>&nbsp;<\/p>\n<p>&nbsp;<\/p>\n<p>&nbsp;<\/p>\n<p style=\"text-align: justify;\"><strong><u>\u00c1prilis:<\/u><\/strong><\/p>\n<p style=\"text-align: justify;\">\u00c1prilis 11-\u00e9n, a k\u00f6lt\u00e9szet napj\u00e1n versekkel \u00f6rvendeztett\u00fck meg egym\u00e1st.<br \/>\nK\u00e9sz\u00fcl\u0151dt\u00fcnk h\u00fasv\u00e9t \u00fcnnep\u00e9re: az \u00fcnnepi \u00e1h\u00edtat ut\u00e1n locsolkod\u00e1sra ker\u00fclt sor, majd j\u00e1tsz\u00f3napot tartottunk, ahol a sok j\u00e1t\u00e9k mellett a finom falatok sem maradhattak el, gofrival kedveskedt\u00fcnk lak\u00f3inknak.<\/p>\n<p><a href=\"https:\/\/bekesmegye.reformatus.hu\/?attachment_id=1182\" rel=\"attachment wp-att-1182\"><img loading=\"lazy\" decoding=\"async\" class=\"size-full wp-image-1182 aligncenter\" src=\"https:\/\/bekesmegye.reformatus.hu\/wp-content\/uploads\/Kep8.jpg\" alt=\"\" width=\"243\" height=\"325\" srcset=\"https:\/\/bekesmegye.reformatus.hu\/wp-content\/uploads\/Kep8.jpg 243w, https:\/\/bekesmegye.reformatus.hu\/wp-content\/uploads\/Kep8-224x300.jpg 224w\" sizes=\"(max-width: 243px) 100vw, 243px\" \/><\/a><\/p>\n<p><a href=\"https:\/\/bekesmegye.reformatus.hu\/?attachment_id=1183\" rel=\"attachment wp-att-1183\"><img loading=\"lazy\" decoding=\"async\" class=\"alignleft size-full wp-image-1183\" src=\"https:\/\/bekesmegye.reformatus.hu\/wp-content\/uploads\/Kep9.jpg\" alt=\"\" width=\"237\" height=\"178\" \/><\/a><a href=\"https:\/\/bekesmegye.reformatus.hu\/?attachment_id=1184\" rel=\"attachment wp-att-1184\"><img loading=\"lazy\" decoding=\"async\" class=\"size-full wp-image-1184 alignright\" src=\"https:\/\/bekesmegye.reformatus.hu\/wp-content\/uploads\/Kep10.jpg\" alt=\"\" width=\"251\" height=\"334\" srcset=\"https:\/\/bekesmegye.reformatus.hu\/wp-content\/uploads\/Kep10.jpg 251w, https:\/\/bekesmegye.reformatus.hu\/wp-content\/uploads\/Kep10-225x300.jpg 225w\" sizes=\"(max-width: 251px) 100vw, 251px\" \/><\/a><\/p>\n<p>&nbsp;<\/p>\n<p>&nbsp;<\/p>\n<p>&nbsp;<\/p>\n<p>&nbsp;<\/p>\n<p>&nbsp;<\/p>\n<p>&nbsp;<\/p>\n<p>&nbsp;<\/p>\n<p>&nbsp;<\/p>\n<p>&nbsp;<\/p>\n<p style=\"text-align: justify;\">\u00c1prilis 30-\u00e1n Szarvasra \u00e9s B\u00e9k\u00e9scsab\u00e1ra szervezt\u00fcnk kir\u00e1ndul\u00e1st, megtekintett\u00fck a Mini Magyarorsz\u00e1g makettparkot k\u00f6zel 60 lak\u00f3val.<\/p>\n<p><a href=\"https:\/\/bekesmegye.reformatus.hu\/?attachment_id=1186\" rel=\"attachment wp-att-1186\"><img loading=\"lazy\" decoding=\"async\" class=\"size-full wp-image-1186 aligncenter\" src=\"https:\/\/bekesmegye.reformatus.hu\/wp-content\/uploads\/Kep11.jpg\" alt=\"\" width=\"1171\" height=\"658\" srcset=\"https:\/\/bekesmegye.reformatus.hu\/wp-content\/uploads\/Kep11.jpg 1171w, https:\/\/bekesmegye.reformatus.hu\/wp-content\/uploads\/Kep11-300x169.jpg 300w, https:\/\/bekesmegye.reformatus.hu\/wp-content\/uploads\/Kep11-1024x575.jpg 1024w, https:\/\/bekesmegye.reformatus.hu\/wp-content\/uploads\/Kep11-768x432.jpg 768w, https:\/\/bekesmegye.reformatus.hu\/wp-content\/uploads\/Kep11-128x72.jpg 128w\" sizes=\"(max-width: 1171px) 100vw, 1171px\" \/><\/a><\/p>\n<p><strong><u>M\u00e1jus:<\/u><\/strong><\/p>\n<p>Rekre\u00e1ci\u00f3s dolgoz\u00f3i napot tartottunk m\u00e1jus 15-\u00e9n a Pap-<br \/>\ntany\u00e1n.<a href=\"https:\/\/bekesmegye.reformatus.hu\/?attachment_id=1187\" rel=\"attachment wp-att-1187\"><img loading=\"lazy\" decoding=\"async\" class=\"size-full wp-image-1187 alignright\" src=\"https:\/\/bekesmegye.reformatus.hu\/wp-content\/uploads\/Kep16.jpg\" alt=\"\" width=\"182\" height=\"243\" \/><\/a><\/p>\n<p><a href=\"https:\/\/bekesmegye.reformatus.hu\/?attachment_id=1189\" rel=\"attachment wp-att-1189\"><img loading=\"lazy\" decoding=\"async\" class=\"alignleft size-full wp-image-1189\" src=\"https:\/\/bekesmegye.reformatus.hu\/wp-content\/uploads\/Kep12.jpg\" alt=\"\" width=\"274\" height=\"154\" srcset=\"https:\/\/bekesmegye.reformatus.hu\/wp-content\/uploads\/Kep12.jpg 274w, https:\/\/bekesmegye.reformatus.hu\/wp-content\/uploads\/Kep12-128x72.jpg 128w\" sizes=\"(max-width: 274px) 100vw, 274px\" \/><\/a><\/p>\n<p>&nbsp;<\/p>\n<p>&nbsp;<\/p>\n<p>&nbsp;<\/p>\n<p>&nbsp;<\/p>\n<p>&nbsp;<\/p>\n<p>&nbsp;<\/p>\n<p><a href=\"https:\/\/bekesmegye.reformatus.hu\/?attachment_id=1191\" rel=\"attachment wp-att-1191\"><img loading=\"lazy\" decoding=\"async\" class=\"size-full wp-image-1191 aligncenter\" src=\"https:\/\/bekesmegye.reformatus.hu\/wp-content\/uploads\/Kep17.jpg\" alt=\"\" width=\"185\" height=\"247\" \/><\/a><\/p>\n<p>&nbsp;<\/p>\n<p style=\"text-align: justify;\">M\u00e1jus 22-\u00e9n, az orsz\u00e1gos Szereteth\u00edd program keret\u00e9n bel\u00fcl id\u00e9n is ell\u00e1togattak hozz\u00e1nk a Kis B\u00e1lint Reform\u00e1tus \u00c1ltal\u00e1nos Iskola di\u00e1kjai, akik a zene erej\u00e9vel \u00f6rvendezettek meg benn\u00fcnket.<\/p>\n<p><a href=\"https:\/\/bekesmegye.reformatus.hu\/?attachment_id=1192\" rel=\"attachment wp-att-1192\"><img loading=\"lazy\" decoding=\"async\" class=\"size-full wp-image-1192 aligncenter\" src=\"https:\/\/bekesmegye.reformatus.hu\/wp-content\/uploads\/Kep18.jpg\" alt=\"\" width=\"353\" height=\"265\" srcset=\"https:\/\/bekesmegye.reformatus.hu\/wp-content\/uploads\/Kep18.jpg 353w, https:\/\/bekesmegye.reformatus.hu\/wp-content\/uploads\/Kep18-300x225.jpg 300w\" sizes=\"(max-width: 353px) 100vw, 353px\" \/><\/a><\/p>\n<p>M\u00e1jus 29-\u00e9n, Mennybemenetel<a href=\"https:\/\/bekesmegye.reformatus.hu\/?attachment_id=1193\" rel=\"attachment wp-att-1193\"><img loading=\"lazy\" decoding=\"async\" class=\"alignright wp-image-1193 size-medium\" src=\"https:\/\/bekesmegye.reformatus.hu\/wp-content\/uploads\/Kep19-300x169.jpg\" alt=\"\" width=\"300\" height=\"169\" srcset=\"https:\/\/bekesmegye.reformatus.hu\/wp-content\/uploads\/Kep19-300x169.jpg 300w, https:\/\/bekesmegye.reformatus.hu\/wp-content\/uploads\/Kep19-768x431.jpg 768w, https:\/\/bekesmegye.reformatus.hu\/wp-content\/uploads\/Kep19-128x72.jpg 128w, https:\/\/bekesmegye.reformatus.hu\/wp-content\/uploads\/Kep19.jpg 940w\" sizes=\"(max-width: 300px) 100vw, 300px\" \/><\/a><br \/>\n\u00fcnnep\u00e9n is h\u00e1l\u00e1t adtunk<br \/>\nIstennek Megv\u00e1lt\u00f3 Urunk\u00e9rt,<br \/>\nKrisztus\u00e9rt.<\/p>\n<p>&nbsp;<\/p>\n<p>&nbsp;<\/p>\n<p>&nbsp;<\/p>\n<p style=\"text-align: justify;\"><strong><u>J\u00fanius:<\/u><\/strong><\/p>\n<p style=\"text-align: justify;\">Trianoni megeml\u00e9kez\u00e9st tartottunk j\u00fanius 4-\u00e9n, majd p\u00fcnk\u00f6sdi \u00fcnnepi istentiszteletre gy\u0171lt\u00fcnk \u00f6ssze j\u00fanius 5-\u00e9n.<\/p>\n<p style=\"text-align: justify;\"><a href=\"https:\/\/bekesmegye.reformatus.hu\/?attachment_id=1198\" rel=\"attachment wp-att-1198\"><img loading=\"lazy\" decoding=\"async\" class=\"size-full wp-image-1198\" src=\"https:\/\/bekesmegye.reformatus.hu\/wp-content\/uploads\/Kep20.jpg\" alt=\"\" width=\"916\" height=\"688\" srcset=\"https:\/\/bekesmegye.reformatus.hu\/wp-content\/uploads\/Kep20.jpg 916w, https:\/\/bekesmegye.reformatus.hu\/wp-content\/uploads\/Kep20-300x225.jpg 300w, https:\/\/bekesmegye.reformatus.hu\/wp-content\/uploads\/Kep20-768x577.jpg 768w\" sizes=\"(max-width: 916px) 100vw, 916px\" \/><\/a><\/p>\n<p style=\"text-align: justify;\">J\u00fanius 7-\u00e9n a v\u00e9szt\u0151i reform\u00e1tus templomban orgonakoncert ker\u00fclt megrendez\u00e9sre, melyen int\u00e9zm\u00e9ny\u00fcnk lak\u00f3i \u00e9s munkat\u00e1rsai is nagy \u00f6r\u00f6mmel vettek r\u00e9szt.<\/p>\n<p><a href=\"https:\/\/bekesmegye.reformatus.hu\/?attachment_id=1199\" rel=\"attachment wp-att-1199\"><img loading=\"lazy\" decoding=\"async\" class=\"size-full wp-image-1199 aligncenter\" src=\"https:\/\/bekesmegye.reformatus.hu\/wp-content\/uploads\/Kep21.jpg\" alt=\"\" width=\"517\" height=\"689\" srcset=\"https:\/\/bekesmegye.reformatus.hu\/wp-content\/uploads\/Kep21.jpg 517w, https:\/\/bekesmegye.reformatus.hu\/wp-content\/uploads\/Kep21-225x300.jpg 225w\" sizes=\"(max-width: 517px) 100vw, 517px\" \/><\/a><\/p>\n<p>&nbsp;<\/p>\n<p><a href=\"https:\/\/bekesmegye.reformatus.hu\/?attachment_id=1200\" rel=\"attachment wp-att-1200\"><img loading=\"lazy\" decoding=\"async\" class=\"alignleft size-full wp-image-1200\" src=\"https:\/\/bekesmegye.reformatus.hu\/wp-content\/uploads\/Kep22.jpg\" alt=\"\" width=\"267\" height=\"356\" srcset=\"https:\/\/bekesmegye.reformatus.hu\/wp-content\/uploads\/Kep22.jpg 267w, https:\/\/bekesmegye.reformatus.hu\/wp-content\/uploads\/Kep22-225x300.jpg 225w\" sizes=\"(max-width: 267px) 100vw, 267px\" \/><\/a><\/p>\n<p><a href=\"https:\/\/bekesmegye.reformatus.hu\/?attachment_id=1201\" rel=\"attachment wp-att-1201\"><img loading=\"lazy\" decoding=\"async\" class=\"wp-image-1201 alignright\" src=\"https:\/\/bekesmegye.reformatus.hu\/wp-content\/uploads\/Kep23-180x300.jpg\" alt=\"\" width=\"213\" height=\"355\" srcset=\"https:\/\/bekesmegye.reformatus.hu\/wp-content\/uploads\/Kep23-180x300.jpg 180w, https:\/\/bekesmegye.reformatus.hu\/wp-content\/uploads\/Kep23.jpg 444w\" sizes=\"(max-width: 213px) 100vw, 213px\" \/><\/a><\/p>\n<p>&nbsp;<\/p>\n<p>&nbsp;<\/p>\n<p>&nbsp;<\/p>\n<p>&nbsp;<\/p>\n<p>&nbsp;<\/p>\n<p>&nbsp;<\/p>\n<p>&nbsp;<\/p>\n<p>&nbsp;<\/p>\n<p>&nbsp;<\/p>\n<p>&nbsp;<\/p>\n<p style=\"text-align: justify;\">Papp-tanyai kir\u00e1ndul\u00e1sunkra j\u00fanius 26-\u00e1n ker\u00fclt sor, melyen mindannyian egy fel\u00fcd\u00edt\u0151, \u00f6r\u00f6mteli napot tudhatunk magunk m\u00f6g\u00f6tt. Mi szem-sz\u00e1jnak ingere, volt sokf\u00e9le finoms\u00e1g, f\u00e1nkot s\u00fct\u00f6tt\u00fcnk, k\u00e9sz\u00fclt\u00fcnk arcfest\u00e9ssel \u00e9s csill\u00e1m-tetov\u00e1l\u00e1ssal, s a j\u00f3 id\u0151 sem hagyott cserben minket: d\u00e9lut\u00e1n v\u00edzipisztoly-csat\u00e1val \u00e9s zen\u00e9vel, t\u00e1nccal z\u00e1rtuk a napot.<\/p>\n<p>&nbsp;<\/p>\n<p><a href=\"https:\/\/bekesmegye.reformatus.hu\/?attachment_id=1207\" rel=\"attachment wp-att-1207\"><img loading=\"lazy\" decoding=\"async\" class=\"wp-image-1207 size-full aligncenter\" src=\"https:\/\/bekesmegye.reformatus.hu\/wp-content\/uploads\/Kep24.jpg\" alt=\"\" width=\"510\" height=\"680\" srcset=\"https:\/\/bekesmegye.reformatus.hu\/wp-content\/uploads\/Kep24.jpg 510w, https:\/\/bekesmegye.reformatus.hu\/wp-content\/uploads\/Kep24-225x300.jpg 225w\" sizes=\"(max-width: 510px) 100vw, 510px\" \/><\/a><\/p>\n<p><a href=\"https:\/\/bekesmegye.reformatus.hu\/?attachment_id=1208\" rel=\"attachment wp-att-1208\"><img loading=\"lazy\" decoding=\"async\" class=\"alignleft wp-image-1208 \" src=\"https:\/\/bekesmegye.reformatus.hu\/wp-content\/uploads\/Kep25.jpg\" alt=\"\" width=\"403\" height=\"303\" srcset=\"https:\/\/bekesmegye.reformatus.hu\/wp-content\/uploads\/Kep25.jpg 608w, https:\/\/bekesmegye.reformatus.hu\/wp-content\/uploads\/Kep25-300x225.jpg 300w\" sizes=\"(max-width: 403px) 100vw, 403px\" \/><\/a><\/p>\n<p>&nbsp;<\/p>\n<p>&nbsp;<\/p>\n<p><a href=\"https:\/\/bekesmegye.reformatus.hu\/?attachment_id=1209\" rel=\"attachment wp-att-1209\"><img loading=\"lazy\" decoding=\"async\" class=\"wp-image-1209 alignright\" src=\"https:\/\/bekesmegye.reformatus.hu\/wp-content\/uploads\/Kep26.jpg\" alt=\"\" width=\"403\" height=\"302\" srcset=\"https:\/\/bekesmegye.reformatus.hu\/wp-content\/uploads\/Kep26.jpg 619w, https:\/\/bekesmegye.reformatus.hu\/wp-content\/uploads\/Kep26-300x225.jpg 300w\" sizes=\"(max-width: 403px) 100vw, 403px\" \/><\/a><\/p>\n<p>&nbsp;<\/p>\n<p>&nbsp;<\/p>\n<p>&nbsp;<\/p>\n<p>&nbsp;<\/p>\n<p>&nbsp;<\/p>\n<p>&nbsp;<\/p>\n<p>&nbsp;<\/p>\n<p>&nbsp;<\/p>\n<p>&nbsp;<\/p>\n<p>&nbsp;<\/p>\n<p style=\"text-align: justify;\">Egy\u00fctt, Egym\u00e1s\u00e9rt fesztiv\u00e1lon vett\u00fcnk r\u00e9szt Ny\u00edregyh\u00e1z\u00e1n, j\u00fanius 27-\u00e9n, ahol az \u00e1llatkertet \u00e9s a j\u00e9gbarlangot is megn\u00e9zt\u00fck, f\u00f3ka-show r\u00e9szesei is lehett\u00fcnk, valamint tal\u00e1lkozhattunk m\u00e1s int\u00e9zm\u00e9nyek k\u00e9pvisel\u0151ivel is.<\/p>\n<p><a href=\"https:\/\/bekesmegye.reformatus.hu\/?attachment_id=1213\" rel=\"attachment wp-att-1213\"><img loading=\"lazy\" decoding=\"async\" class=\"alignleft wp-image-1213\" src=\"https:\/\/bekesmegye.reformatus.hu\/wp-content\/uploads\/Kep27.jpg\" alt=\"\" width=\"313\" height=\"417\" srcset=\"https:\/\/bekesmegye.reformatus.hu\/wp-content\/uploads\/Kep27.jpg 534w, https:\/\/bekesmegye.reformatus.hu\/wp-content\/uploads\/Kep27-225x300.jpg 225w\" sizes=\"(max-width: 313px) 100vw, 313px\" \/><\/a><\/p>\n<p><a href=\"https:\/\/bekesmegye.reformatus.hu\/?attachment_id=1214\" rel=\"attachment wp-att-1214\"><img loading=\"lazy\" decoding=\"async\" class=\"wp-image-1214 alignright\" src=\"https:\/\/bekesmegye.reformatus.hu\/wp-content\/uploads\/Kep28.jpg\" alt=\"\" width=\"313\" height=\"417\" srcset=\"https:\/\/bekesmegye.reformatus.hu\/wp-content\/uploads\/Kep28.jpg 523w, https:\/\/bekesmegye.reformatus.hu\/wp-content\/uploads\/Kep28-225x300.jpg 225w\" sizes=\"(max-width: 313px) 100vw, 313px\" \/><\/a><\/p>\n<p>&nbsp;<\/p>\n<p>&nbsp;<\/p>\n<p>&nbsp;<\/p>\n<p>&nbsp;<\/p>\n<p>&nbsp;<\/p>\n<p>&nbsp;<\/p>\n<p>&nbsp;<\/p>\n<p>&nbsp;<\/p>\n<p>&nbsp;<\/p>\n<p>&nbsp;<\/p>\n<p>&nbsp;<\/p>\n<p>&nbsp;<\/p>\n<p><strong><u>J\u00falius:<\/u><\/strong><\/p>\n<p style=\"text-align: justify;\">A V\u00e9szt\u0151i S\u00e9r\u00fclt Gyermekek Egyes\u00fclet szervez\u00e9s\u00e9ben megh\u00edv\u00e1st kaptunk a VIII. K\u00e9pfesztiv\u00e1lra, j\u00falius 19-\u00e9n, melyen \u00f6r\u00f6mmel vett\u00fcnk r\u00e9szt. Sok \u00e9lm\u00e9nnyel \u00e9s eml\u00e9kkel t\u00e9rhett\u00fcnk haza, k\u00f6sz\u00f6nj\u00fck!<\/p>\n<p><a href=\"https:\/\/bekesmegye.reformatus.hu\/?attachment_id=1227\" rel=\"attachment wp-att-1227\"><img loading=\"lazy\" decoding=\"async\" class=\"alignleft wp-image-1227\" src=\"https:\/\/bekesmegye.reformatus.hu\/wp-content\/uploads\/521553726_1672526910116260_1050750183653615785_n-1024x768.jpg\" alt=\"\" width=\"455\" height=\"341\" srcset=\"https:\/\/bekesmegye.reformatus.hu\/wp-content\/uploads\/521553726_1672526910116260_1050750183653615785_n-1024x768.jpg 1024w, https:\/\/bekesmegye.reformatus.hu\/wp-content\/uploads\/521553726_1672526910116260_1050750183653615785_n-300x225.jpg 300w, https:\/\/bekesmegye.reformatus.hu\/wp-content\/uploads\/521553726_1672526910116260_1050750183653615785_n-768x576.jpg 768w, https:\/\/bekesmegye.reformatus.hu\/wp-content\/uploads\/521553726_1672526910116260_1050750183653615785_n-1536x1152.jpg 1536w, https:\/\/bekesmegye.reformatus.hu\/wp-content\/uploads\/521553726_1672526910116260_1050750183653615785_n.jpg 2048w\" sizes=\"(max-width: 455px) 100vw, 455px\" \/><\/a><a href=\"https:\/\/bekesmegye.reformatus.hu\/?attachment_id=1228\" rel=\"attachment wp-att-1228\"><img loading=\"lazy\" decoding=\"async\" class=\" wp-image-1228 alignright\" src=\"https:\/\/bekesmegye.reformatus.hu\/wp-content\/uploads\/518153534_1911184536391282_2833028445485702502_n-768x1024.jpg\" alt=\"\" width=\"400\" height=\"534\" srcset=\"https:\/\/bekesmegye.reformatus.hu\/wp-content\/uploads\/518153534_1911184536391282_2833028445485702502_n-768x1024.jpg 768w, https:\/\/bekesmegye.reformatus.hu\/wp-content\/uploads\/518153534_1911184536391282_2833028445485702502_n-225x300.jpg 225w, https:\/\/bekesmegye.reformatus.hu\/wp-content\/uploads\/518153534_1911184536391282_2833028445485702502_n-1152x1536.jpg 1152w, https:\/\/bekesmegye.reformatus.hu\/wp-content\/uploads\/518153534_1911184536391282_2833028445485702502_n.jpg 1536w\" sizes=\"(max-width: 400px) 100vw, 400px\" \/><\/a><\/p>\n<p>&nbsp;<\/p>\n<p>&nbsp;<\/p>\n<p>&nbsp;<\/p>\n<p>&nbsp;<\/p>\n<p>&nbsp;<\/p>\n<p>&nbsp;<\/p>\n<p>&nbsp;<\/p>\n<p>&nbsp;<\/p>\n<p>&nbsp;<\/p>\n<p>&nbsp;<\/p>\n<p>&nbsp;<\/p>\n<p>&nbsp;<\/p>\n<p>&nbsp;<\/p>\n<p>&nbsp;<\/p>\n<p>&nbsp;<\/p>\n<p><strong>Augusztus<\/strong><\/p>\n<p style=\"text-align: justify;\">Augusztus 14-\u00e9n felavattuk a sportszob\u00e1nkat, mert hissz\u00fck, hogy az im\u00e1dkoz\u00e1s mellett kell, hogy eg\u00e9szs\u00e9ges l\u00e9lek lehessen eg\u00e9szs\u00e9ges testben. (&#8222;orandum est ut sit mens sana in corpore sano&#8221;)<\/p>\n<p><a href=\"https:\/\/bekesmegye.reformatus.hu\/?attachment_id=1246\" rel=\"attachment wp-att-1246\"><img loading=\"lazy\" decoding=\"async\" class=\"aligncenter size-faith-normal-thumbnail wp-image-1246\" src=\"https:\/\/bekesmegye.reformatus.hu\/wp-content\/uploads\/Kep1-2-480x300.jpg\" alt=\"\" width=\"480\" height=\"300\" srcset=\"https:\/\/bekesmegye.reformatus.hu\/wp-content\/uploads\/Kep1-2-480x300.jpg 480w, https:\/\/bekesmegye.reformatus.hu\/wp-content\/uploads\/Kep1-2-200x125.jpg 200w\" sizes=\"(max-width: 480px) 100vw, 480px\" \/><\/a><\/p>\n<p>&nbsp;<\/p>\n<p><strong>Szeptember<\/strong><\/p>\n<p>Szeptember 11-12-\u00e9n a B\u00e9k\u00e9si Reform\u00e1tus Egyh\u00e1zmegye K\u00f6r\u00f6sv\u00f6lgy \u00dcd\u00fcl\u0151j\u00e9ben t\u00f6lt\u00f6tt\u00fcnk k\u00e9t lelki felt\u00f6lt\u0151d\u0151s napot, sok k\u00f6z\u00f6s eml\u00e9ket szerezve \u00e9s \u00e9p\u00edtve k\u00f6z\u00f6ss\u00e9g\u00fcnket.<\/p>\n<p><a href=\"https:\/\/bekesmegye.reformatus.hu\/?attachment_id=1248\" rel=\"attachment wp-att-1248\"><img loading=\"lazy\" decoding=\"async\" class=\"alignleft size-full wp-image-1248\" src=\"https:\/\/bekesmegye.reformatus.hu\/wp-content\/uploads\/Kep3-3.jpg\" alt=\"\" width=\"506\" height=\"675\" srcset=\"https:\/\/bekesmegye.reformatus.hu\/wp-content\/uploads\/Kep3-3.jpg 506w, https:\/\/bekesmegye.reformatus.hu\/wp-content\/uploads\/Kep3-3-225x300.jpg 225w\" sizes=\"(max-width: 506px) 100vw, 506px\" \/><\/a><a href=\"https:\/\/bekesmegye.reformatus.hu\/?attachment_id=1250\" rel=\"attachment wp-att-1250\"><img loading=\"lazy\" decoding=\"async\" class=\"alignright size-full wp-image-1250\" src=\"https:\/\/bekesmegye.reformatus.hu\/wp-content\/uploads\/Kep4-2.jpg\" alt=\"\" width=\"445\" height=\"250\" srcset=\"https:\/\/bekesmegye.reformatus.hu\/wp-content\/uploads\/Kep4-2.jpg 445w, https:\/\/bekesmegye.reformatus.hu\/wp-content\/uploads\/Kep4-2-300x169.jpg 300w, https:\/\/bekesmegye.reformatus.hu\/wp-content\/uploads\/Kep4-2-128x72.jpg 128w\" sizes=\"(max-width: 445px) 100vw, 445px\" \/><\/a><\/p>\n<p>&nbsp;<\/p>\n<p>&nbsp;<\/p>\n<p>&nbsp;<\/p>\n<p>&nbsp;<\/p>\n<p>&nbsp;<\/p>\n<p>&nbsp;<\/p>\n<p>&nbsp;<\/p>\n<p>&nbsp;<\/p>\n<p>&nbsp;<\/p>\n<p>&nbsp;<\/p>\n<p>&nbsp;<\/p>\n<p>&nbsp;<\/p>\n<p>&nbsp;<\/p>\n<p>&nbsp;<\/p>\n<p>&nbsp;<\/p>\n<p>&nbsp;<\/p>\n<p>&nbsp;<\/p>\n<p>Szeptember 16-\u00e1n Budapesten, az \u00e1llatkertben j\u00e1rtunk az \u00c9FO\u00c9SZ szervez\u00e9s\u00e9ben.<\/p>\n<p><a href=\"https:\/\/bekesmegye.reformatus.hu\/?attachment_id=1251\" rel=\"attachment wp-att-1251\"><img loading=\"lazy\" decoding=\"async\" class=\"size-full wp-image-1251 alignleft\" src=\"https:\/\/bekesmegye.reformatus.hu\/wp-content\/uploads\/Kep5-1.jpg\" alt=\"\" width=\"464\" height=\"261\" srcset=\"https:\/\/bekesmegye.reformatus.hu\/wp-content\/uploads\/Kep5-1.jpg 464w, https:\/\/bekesmegye.reformatus.hu\/wp-content\/uploads\/Kep5-1-300x169.jpg 300w, https:\/\/bekesmegye.reformatus.hu\/wp-content\/uploads\/Kep5-1-128x72.jpg 128w\" sizes=\"(max-width: 464px) 100vw, 464px\" \/><\/a><\/p>\n<p>&nbsp;<\/p>\n<p>&nbsp;<\/p>\n<p>&nbsp;<\/p>\n<p>&nbsp;<\/p>\n<p>&nbsp;<\/p>\n<p>&nbsp;<\/p>\n<p>&nbsp;<\/p>\n<p>Szeptember 24-\u00e9n a v\u00e9szt\u0151i M\u0171vel\u0151d\u00e9si K\u00f6zpontban Sinka nap ker\u00fclt megrendez\u00e9sre, ahol ell\u00e1tottjainkkal mi is r\u00e9szt vett\u00fcnk.<\/p>\n<p><a href=\"https:\/\/bekesmegye.reformatus.hu\/?attachment_id=1252\" rel=\"attachment wp-att-1252\"><img loading=\"lazy\" decoding=\"async\" class=\"alignleft size-full wp-image-1252\" src=\"https:\/\/bekesmegye.reformatus.hu\/wp-content\/uploads\/Kep6-1.jpg\" alt=\"\" width=\"737\" height=\"553\" srcset=\"https:\/\/bekesmegye.reformatus.hu\/wp-content\/uploads\/Kep6-1.jpg 737w, https:\/\/bekesmegye.reformatus.hu\/wp-content\/uploads\/Kep6-1-300x225.jpg 300w\" sizes=\"(max-width: 737px) 100vw, 737px\" \/><\/a><\/p>\n<p>&nbsp;<\/p>\n<p>&nbsp;<\/p>\n<p>&nbsp;<\/p>\n<p>&nbsp;<\/p>\n<p>&nbsp;<\/p>\n<p>&nbsp;<\/p>\n<p>&nbsp;<\/p>\n<p>&nbsp;<\/p>\n<p>&nbsp;<\/p>\n<p>&nbsp;<\/p>\n<p>&nbsp;<\/p>\n<p>&nbsp;<\/p>\n<p>&nbsp;<\/p>\n<p>&nbsp;<\/p>\n<p>&nbsp;<\/p>\n<p>Szeptember 26-27-\u00e9n a Sz\u00fcreti mulats\u00e1g, b\u00e1l \u00e9s felvonul\u00e1s r\u00e9szesei lehett\u00fcnk, \u00e9s id\u00e9n el\u0151sz\u00f6r \u2013rem\u00e9lve, hogy hagyom\u00e1nyt teremtve \u2013 k\u00e9t ell\u00e1tottunk is t\u00e1ncra perd\u00fclt, akikre nagyon b\u00fcszk\u00e9k vagyunk!<\/p>\n<p><a href=\"https:\/\/bekesmegye.reformatus.hu\/?attachment_id=1253\" rel=\"attachment wp-att-1253\"><img loading=\"lazy\" decoding=\"async\" class=\"alignleft size-full wp-image-1253\" src=\"https:\/\/bekesmegye.reformatus.hu\/wp-content\/uploads\/Kep7-1.jpg\" alt=\"\" width=\"897\" height=\"504\" srcset=\"https:\/\/bekesmegye.reformatus.hu\/wp-content\/uploads\/Kep7-1.jpg 897w, https:\/\/bekesmegye.reformatus.hu\/wp-content\/uploads\/Kep7-1-300x169.jpg 300w, https:\/\/bekesmegye.reformatus.hu\/wp-content\/uploads\/Kep7-1-768x432.jpg 768w, https:\/\/bekesmegye.reformatus.hu\/wp-content\/uploads\/Kep7-1-128x72.jpg 128w\" sizes=\"(max-width: 897px) 100vw, 897px\" \/><\/a><\/p>\n<p>&nbsp;<\/p>\n<p>&nbsp;<\/p>\n<p>&nbsp;<\/p>\n<p>&nbsp;<\/p>\n<p>&nbsp;<\/p>\n<p>&nbsp;<\/p>\n<p>&nbsp;<\/p>\n<p>&nbsp;<\/p>\n<p>&nbsp;<\/p>\n<p>&nbsp;<\/p>\n<p>&nbsp;<\/p>\n<p>&nbsp;<\/p>\n<p>&nbsp;<\/p>\n<p><a href=\"https:\/\/bekesmegye.reformatus.hu\/?attachment_id=1254\" rel=\"attachment wp-att-1254\"><img loading=\"lazy\" decoding=\"async\" class=\"size-full wp-image-1254 aligncenter\" src=\"https:\/\/bekesmegye.reformatus.hu\/wp-content\/uploads\/Kep8-1.jpg\" alt=\"\" width=\"304\" height=\"524\" srcset=\"https:\/\/bekesmegye.reformatus.hu\/wp-content\/uploads\/Kep8-1.jpg 304w, https:\/\/bekesmegye.reformatus.hu\/wp-content\/uploads\/Kep8-1-174x300.jpg 174w\" sizes=\"(max-width: 304px) 100vw, 304px\" \/><\/a><\/p>\n<p>Szeptember 28-\u00e1n a Teremt\u00e9s het\u00e9n, illetve csal\u00e1di istentiszteleten lehett\u00fcnk egy\u00fctt vas\u00e1rnap a templomban, k\u00f6z\u00f6sen magasztalva Istent a csod\u00e1latos vil\u00e1g\u00e9rt, amelyet teremtett.<\/p>\n<p><a href=\"https:\/\/bekesmegye.reformatus.hu\/?attachment_id=1255\" rel=\"attachment wp-att-1255\"><img loading=\"lazy\" decoding=\"async\" class=\"alignleft size-large wp-image-1255\" src=\"https:\/\/bekesmegye.reformatus.hu\/wp-content\/uploads\/Kep9-1-1024x461.jpg\" alt=\"\" width=\"780\" height=\"351\" srcset=\"https:\/\/bekesmegye.reformatus.hu\/wp-content\/uploads\/Kep9-1-1024x461.jpg 1024w, https:\/\/bekesmegye.reformatus.hu\/wp-content\/uploads\/Kep9-1-300x135.jpg 300w, https:\/\/bekesmegye.reformatus.hu\/wp-content\/uploads\/Kep9-1-768x346.jpg 768w, https:\/\/bekesmegye.reformatus.hu\/wp-content\/uploads\/Kep9-1.jpg 1121w\" sizes=\"(max-width: 780px) 100vw, 780px\" \/><\/a><\/p>\n<p>&nbsp;<\/p>\n<p>&nbsp;<\/p>\n<p>&nbsp;<\/p>\n<p>&nbsp;<\/p>\n<p>&nbsp;<\/p>\n<p>&nbsp;<\/p>\n<p>&nbsp;<\/p>\n<p>&nbsp;<\/p>\n<p>&nbsp;<\/p>\n<p>&nbsp;<\/p>\n<p><strong>Okt\u00f3ber<\/strong><\/p>\n<p>S\u00e9t\u00e1l\u00f3s k\u00e9pek \u2013 hat\u00e1rj\u00e1r\u00e1s \u2013 vir\u00e1gszed\u00e9s \u2013 hangol\u00f3dunk az \u0151szre.<\/p>\n<p><a href=\"https:\/\/bekesmegye.reformatus.hu\/?attachment_id=1256\" rel=\"attachment wp-att-1256\"><img loading=\"lazy\" decoding=\"async\" class=\"alignleft size-medium wp-image-1256\" src=\"https:\/\/bekesmegye.reformatus.hu\/wp-content\/uploads\/Kep10-1-300x224.jpg\" alt=\"\" width=\"300\" height=\"224\" srcset=\"https:\/\/bekesmegye.reformatus.hu\/wp-content\/uploads\/Kep10-1-300x224.jpg 300w, https:\/\/bekesmegye.reformatus.hu\/wp-content\/uploads\/Kep10-1.jpg 481w\" sizes=\"(max-width: 300px) 100vw, 300px\" \/><\/a><a href=\"https:\/\/bekesmegye.reformatus.hu\/?attachment_id=1257\" rel=\"attachment wp-att-1257\"><img loading=\"lazy\" decoding=\"async\" class=\"aligncenter size-medium wp-image-1257\" src=\"https:\/\/bekesmegye.reformatus.hu\/wp-content\/uploads\/Kep11-1-300x224.jpg\" alt=\"\" width=\"300\" height=\"224\" srcset=\"https:\/\/bekesmegye.reformatus.hu\/wp-content\/uploads\/Kep11-1-300x224.jpg 300w, https:\/\/bekesmegye.reformatus.hu\/wp-content\/uploads\/Kep11-1.jpg 471w\" sizes=\"(max-width: 300px) 100vw, 300px\" \/><\/a><\/p>\n<p><a href=\"https:\/\/bekesmegye.reformatus.hu\/?attachment_id=1258\" rel=\"attachment wp-att-1258\"><img loading=\"lazy\" decoding=\"async\" class=\"alignleft size-full wp-image-1258\" src=\"https:\/\/bekesmegye.reformatus.hu\/wp-content\/uploads\/Kep12-1.jpg\" alt=\"\" width=\"178\" height=\"354\" srcset=\"https:\/\/bekesmegye.reformatus.hu\/wp-content\/uploads\/Kep12-1.jpg 178w, https:\/\/bekesmegye.reformatus.hu\/wp-content\/uploads\/Kep12-1-151x300.jpg 151w\" sizes=\"(max-width: 178px) 100vw, 178px\" \/><\/a><a href=\"https:\/\/bekesmegye.reformatus.hu\/?attachment_id=1259\" rel=\"attachment wp-att-1259\"><img loading=\"lazy\" decoding=\"async\" class=\"alignright size-full wp-image-1259\" src=\"https:\/\/bekesmegye.reformatus.hu\/wp-content\/uploads\/Kep14.jpg\" alt=\"\" width=\"544\" height=\"407\" srcset=\"https:\/\/bekesmegye.reformatus.hu\/wp-content\/uploads\/Kep14.jpg 544w, https:\/\/bekesmegye.reformatus.hu\/wp-content\/uploads\/Kep14-300x224.jpg 300w\" sizes=\"(max-width: 544px) 100vw, 544px\" \/><\/a><\/p>\n<p>&nbsp;<\/p>\n<p>&nbsp;<\/p>\n<p>&nbsp;<\/p>\n<p>&nbsp;<\/p>\n<p>&nbsp;<\/p>\n<p>&nbsp;<\/p>\n<p>&nbsp;<\/p>\n<p>&nbsp;<\/p>\n<p>&nbsp;<\/p>\n<p>&nbsp;<\/p>\n<p>&nbsp;<\/p>\n<p>Okt\u00f3ber 2-\u00e1n h\u00e1l\u00e1t adtunk Istennek a m\u00falt \u0151rz\u0151i\u00e9rt az Id\u0151sek vil\u00e1gnapja alkalm\u00e1n.<\/p>\n<p><a href=\"https:\/\/bekesmegye.reformatus.hu\/?attachment_id=1260\" rel=\"attachment wp-att-1260\"><img loading=\"lazy\" decoding=\"async\" class=\"alignleft size-full wp-image-1260\" src=\"https:\/\/bekesmegye.reformatus.hu\/wp-content\/uploads\/Kep15.jpg\" alt=\"\" width=\"704\" height=\"396\" srcset=\"https:\/\/bekesmegye.reformatus.hu\/wp-content\/uploads\/Kep15.jpg 704w, https:\/\/bekesmegye.reformatus.hu\/wp-content\/uploads\/Kep15-300x169.jpg 300w, https:\/\/bekesmegye.reformatus.hu\/wp-content\/uploads\/Kep15-128x72.jpg 128w\" sizes=\"(max-width: 704px) 100vw, 704px\" \/><\/a><\/p>\n<p>&nbsp;<\/p>\n<p>&nbsp;<\/p>\n<p>&nbsp;<\/p>\n<p>&nbsp;<\/p>\n<p>&nbsp;<\/p>\n<p>&nbsp;<\/p>\n<p>&nbsp;<\/p>\n<p>&nbsp;<\/p>\n<p>&nbsp;<\/p>\n<p>&nbsp;<\/p>\n<p>&nbsp;<\/p>\n<p>Okt. 6. \u2013 aradi v\u00e9rtan\u00fakra val\u00f3 megeml\u00e9kez\u00e9s tartottunk az int\u00e9zm\u00e9ny foglalkoztat\u00f3j\u00e1ban.<\/p>\n<p><a href=\"https:\/\/bekesmegye.reformatus.hu\/?attachment_id=1261\" rel=\"attachment wp-att-1261\"><img loading=\"lazy\" decoding=\"async\" class=\"alignleft size-full wp-image-1261\" src=\"https:\/\/bekesmegye.reformatus.hu\/wp-content\/uploads\/Kep16-1.jpg\" alt=\"\" width=\"543\" height=\"724\" srcset=\"https:\/\/bekesmegye.reformatus.hu\/wp-content\/uploads\/Kep16-1.jpg 543w, https:\/\/bekesmegye.reformatus.hu\/wp-content\/uploads\/Kep16-1-225x300.jpg 225w\" sizes=\"(max-width: 543px) 100vw, 543px\" \/><\/a><\/p>\n<p>&nbsp;<\/p>\n<p>&nbsp;<\/p>\n<p>&nbsp;<\/p>\n<p>&nbsp;<\/p>\n<p>&nbsp;<\/p>\n<p>&nbsp;<\/p>\n<p>&nbsp;<\/p>\n<p>&nbsp;<\/p>\n<p>&nbsp;<\/p>\n<p>&nbsp;<\/p>\n<p>&nbsp;<\/p>\n<p>&nbsp;<\/p>\n<p>&nbsp;<\/p>\n<p>&nbsp;<\/p>\n<p>&nbsp;<\/p>\n<p>&nbsp;<\/p>\n<p>&nbsp;<\/p>\n<p>&nbsp;<\/p>\n<p>&nbsp;<\/p>\n<p>Okt\u00f3ber 17-\u00e9n k\u00e9pviseltett\u00fck magunkat a v\u00e1rosi \u201eT\u00f6k j\u00f3 napon\u201d, melyen t\u00f6kfarag\u00e1sunkat jutalmazt\u00e1k<\/p>\n<p><a href=\"https:\/\/bekesmegye.reformatus.hu\/?attachment_id=1262\" rel=\"attachment wp-att-1262\"><img loading=\"lazy\" decoding=\"async\" class=\"alignleft size-full wp-image-1262\" src=\"https:\/\/bekesmegye.reformatus.hu\/wp-content\/uploads\/Kep17-1.jpg\" alt=\"\" width=\"260\" height=\"462\" srcset=\"https:\/\/bekesmegye.reformatus.hu\/wp-content\/uploads\/Kep17-1.jpg 260w, https:\/\/bekesmegye.reformatus.hu\/wp-content\/uploads\/Kep17-1-169x300.jpg 169w\" sizes=\"(max-width: 260px) 100vw, 260px\" \/><\/a><\/p>\n<p>&nbsp;<\/p>\n<p>&nbsp;<\/p>\n<p>&nbsp;<\/p>\n<p>&nbsp;<\/p>\n<p>&nbsp;<\/p>\n<p>&nbsp;<\/p>\n<p>&nbsp;<\/p>\n<p>&nbsp;<\/p>\n<p>&nbsp;<\/p>\n<p>&nbsp;<\/p>\n<p>&nbsp;<\/p>\n<p>&nbsp;<\/p>\n<p>Okt\u00f3ber 21-\u00e9n megeml\u00e9kezt\u00fcnk \u201956-os h\u0151seinkr\u0151l, h\u00e1l\u00e1t adva Istennek megtartat\u00e1sunk\u00e9rt \u00e9s rem\u00e9nyteljes j\u00f6v\u0151nk\u00e9rt. Az alkalmon ell\u00e1tottjaink versekkel gazdag\u00edtottak benn\u00fcnket.<\/p>\n<p><a href=\"https:\/\/bekesmegye.reformatus.hu\/?attachment_id=1263\" rel=\"attachment wp-att-1263\"><img loading=\"lazy\" decoding=\"async\" class=\"alignleft size-full wp-image-1263\" src=\"https:\/\/bekesmegye.reformatus.hu\/wp-content\/uploads\/Kep18-1.jpg\" alt=\"\" width=\"226\" height=\"401\" srcset=\"https:\/\/bekesmegye.reformatus.hu\/wp-content\/uploads\/Kep18-1.jpg 226w, https:\/\/bekesmegye.reformatus.hu\/wp-content\/uploads\/Kep18-1-169x300.jpg 169w\" sizes=\"(max-width: 226px) 100vw, 226px\" \/><\/a><a href=\"https:\/\/bekesmegye.reformatus.hu\/?attachment_id=1264\" rel=\"attachment wp-att-1264\"><img loading=\"lazy\" decoding=\"async\" class=\"alignright size-full wp-image-1264\" src=\"https:\/\/bekesmegye.reformatus.hu\/wp-content\/uploads\/Kep19-1.jpg\" alt=\"\" width=\"630\" height=\"473\" srcset=\"https:\/\/bekesmegye.reformatus.hu\/wp-content\/uploads\/Kep19-1.jpg 630w, https:\/\/bekesmegye.reformatus.hu\/wp-content\/uploads\/Kep19-1-300x225.jpg 300w\" sizes=\"(max-width: 630px) 100vw, 630px\" \/><\/a><\/p>\n<p>&nbsp;<\/p>\n<p>&nbsp;<\/p>\n<p>&nbsp;<\/p>\n<p>&nbsp;<\/p>\n<p>&nbsp;<\/p>\n<p>&nbsp;<\/p>\n<p>&nbsp;<\/p>\n<p>&nbsp;<\/p>\n<p>&nbsp;<\/p>\n<p>&nbsp;<\/p>\n<p>&nbsp;<\/p>\n<p>&nbsp;<\/p>\n<p>&nbsp;<\/p>\n<p>&nbsp;<\/p>\n<p>&nbsp;<\/p>\n<p>&nbsp;<\/p>\n<p>&nbsp;<\/p>\n<p>&nbsp;<\/p>\n<p>&nbsp;<\/p>\n<p>&nbsp;<\/p>\n<p>&nbsp;<\/p>\n<p>&nbsp;<\/p>\n<p>&nbsp;<\/p>\n","protected":false},"excerpt":{"rendered":"<p>2025 esem\u00e9nyei: Janu\u00e1r: 2025. janu\u00e1r 22-\u00e9n a Magyar Kult\u00fara Napja alkalm\u00e1b\u00f3l rendezett kultur\u00e1lis esten vett\u00fcnk r\u00e9szt a Sinka Istv\u00e1n M\u0171vel\u0151d\u00e9si K\u00f6zpontban. &nbsp; Febru\u00e1r: Diak\u00f3nia vas\u00e1rnapja alkalm\u00e1n, febru\u00e1r 2-\u00e1n istentiszteleten vett\u00fcnk<\/p>\n","protected":false},"author":60,"featured_media":0,"parent":0,"menu_order":0,"comment_status":"closed","ping_status":"closed","template":"","meta":{"_bbp_topic_count":0,"_bbp_reply_count":0,"_bbp_total_topic_count":0,"_bbp_total_reply_count":0,"_bbp_voice_count":0,"_bbp_anonymous_reply_count":0,"_bbp_topic_count_hidden":0,"_bbp_reply_count_hidden":0,"_bbp_forum_subforum_count":0,"_themeisle_gutenberg_block_has_review":false,"footnotes":""},"class_list":["post-1163","page","type-page","status-publish","hentry"],"jetpack_sharing_enabled":true,"_links":{"self":[{"href":"https:\/\/bekesmegye.reformatus.hu\/index.php?rest_route=\/wp\/v2\/pages\/1163","targetHints":{"allow":["GET"]}}],"collection":[{"href":"https:\/\/bekesmegye.reformatus.hu\/index.php?rest_route=\/wp\/v2\/pages"}],"about":[{"href":"https:\/\/bekesmegye.reformatus.hu\/index.php?rest_route=\/wp\/v2\/types\/page"}],"author":[{"embeddable":true,"href":"https:\/\/bekesmegye.reformatus.hu\/index.php?rest_route=\/wp\/v2\/users\/60"}],"replies":[{"embeddable":true,"href":"https:\/\/bekesmegye.reformatus.hu\/index.php?rest_route=%2Fwp%2Fv2%2Fcomments&post=1163"}],"version-history":[{"count":37,"href":"https:\/\/bekesmegye.reformatus.hu\/index.php?rest_route=\/wp\/v2\/pages\/1163\/revisions"}],"predecessor-version":[{"id":1267,"href":"https:\/\/bekesmegye.reformatus.hu\/index.php?rest_route=\/wp\/v2\/pages\/1163\/revisions\/1267"}],"wp:attachment":[{"href":"https:\/\/bekesmegye.reformatus.hu\/index.php?rest_route=%2Fwp%2Fv2%2Fmedia&parent=1163"}],"curies":[{"name":"wp","href":"https:\/\/api.w.org\/{rel}","templated":true}]}}