{"id":753,"date":"2023-07-11T13:40:43","date_gmt":"2023-07-11T11:40:43","guid":{"rendered":"https:\/\/bekesmegye.reformatus.hu\/?page_id=753"},"modified":"2025-07-29T13:04:22","modified_gmt":"2025-07-29T11:04:22","slug":"okany-telephely","status":"publish","type":"page","link":"https:\/\/bekesmegye.reformatus.hu\/?page_id=753","title":{"rendered":"Ok\u00e1ny Telephely"},"content":{"rendered":"<p style=\"text-align: center;\"><span style=\"color: #000000;\"><strong><em><u>Reform\u00e1tus Nefelejcs Otthon Ok\u00e1ny<\/u><\/em><\/strong><\/span><\/p>\n<p style=\"text-align: center;\"><span style=\"color: #000000;\"><strong><em>\u00a0<\/em><\/strong><\/span><\/p>\n<p style=\"text-align: center;\"><span style=\"color: #000000;\"><strong><em>Elhivatott szakembereink \u00e9s dolgoz\u00f3ink c\u00e9lja, hogy szakszer\u0171 munkav\u00e9gz\u00e9ssel<br \/>\nolyan \u00e9letteret biztos\u00edtsanak lak\u00f3inknak,<br \/>\nmely csal\u00e1dias melegs\u00e9get \u00e1raszt, biztons\u00e1got \u00e9s t\u00e1maszt ny\u00fajt.<\/em><\/strong><\/span><\/p>\n<p><span style=\"color: #000000;\"><strong>\u00a0<\/strong><\/span><\/p>\n<p style=\"text-align: justify;\"><span style=\"color: #000000;\"><strong>A<\/strong> <strong>Reform\u00e1tus Nefelejcs Otthon<\/strong> fogyat\u00e9kkal \u00e9l\u0151k tart\u00f3s, bentlak\u00e1sos form\u00e1ban, szem\u00e9lyes gondoskod\u00e1s keret\u00e9ben teljes k\u00f6r\u0171 \u00e1pol\u00e1st-gondoz\u00e1st ny\u00fajt az ig\u00e9nybe vev\u0151k r\u00e9sz\u00e9re. Gondozza azokat a 18. \u00e9let\u00e9v\u00fcket bet\u00f6lt\u00f6tt szem\u00e9lyeket, akik betegs\u00e9g\u00fck miatt nem tudnak \u00f6nmaguk ell\u00e1t\u00e1s\u00e1r\u00f3l gondoskodni.<\/span><\/p>\n<p style=\"text-align: justify;\"><span style=\"color: #000000;\">Az int\u00e9zm\u00e9nybe beker\u00fcl\u0151 emberek k\u00fcl\u00f6nb\u00f6z\u0151 fizikai \u00e9s eg\u00e9szs\u00e9gi \u00e1llapot\u00faak, \u00edgy k\u00fcl\u00f6nb\u00f6z\u0151 m\u00e9rt\u00e9kben szorulnak seg\u00edts\u00e9gre sz\u00fcks\u00e9gleteik kiel\u00e9g\u00edt\u00e9s\u00e9ben. Fontosnak tartom int\u00e9zm\u00e9nyi szinten az egys\u00e9ges szeml\u00e9letm\u00f3d k\u00f6vet\u00e9s\u00e9t az \u00e1pol\u00e1s-gondoz\u00e1s, eg\u00e9szs\u00e9g\u00fcgyi ell\u00e1t\u00e1s ter\u00fclet\u00e9n.<\/span><\/p>\n<p style=\"text-align: justify;\"><span style=\"color: #000000;\">Szocioter\u00e1pi\u00e1s foglalkoztat\u00e1s keret\u00e9n bel\u00fcl munkater\u00e1pi\u00e1s \u00e9s k\u00e9szs\u00e9gfejleszt\u0151 foglalkoztat\u00e1st biztos\u00edtunk, a szem\u00e9lyre sz\u00f3l\u00f3 egy\u00e9ni fejleszt\u00e9s keret\u00e9n bel\u00fcl t\u00f6reksz\u00fcnk a megl\u00e9v\u0151 kognit\u00edv \u00e9s szoci\u00e1lis k\u00e9szs\u00e9gek szinten tart\u00e1s\u00e1ra, fejleszt\u00e9s\u00e9re. Fejleszt\u0151 foglalkoztat\u00e1s keretein bel\u00fcl val\u00f3di \u00e9rt\u00e9kteremt\u0151 \u00e9s j\u00f6vedelmet biztos\u00edt\u00f3 tev\u00e9kenys\u00e9geket tudunk felk\u00edn\u00e1lni az arra alkalmas fizikai \u00e9s ment\u00e1lis \u00e1llapotban l\u00e9v\u0151 ell\u00e1tottjainknak. Mindezek mellett a megfelel\u0151 mozg\u00e1skult\u00fara \u00e9s a m\u0171v\u00e9szeti nevel\u00e9s kiterjeszt\u00e9se is c\u00e9ljaink k\u00f6z\u00e9 tartozik.<\/span><\/p>\n<p style=\"text-align: justify;\"><span style=\"color: #000000;\">C\u00e9lunk, hogy ell\u00e1tottaink az int\u00e9zm\u00e9nyt \u00e9rezz\u00e9k a saj\u00e1t otthonuknak, annak \u00f3v\u00e1sa, v\u00e9delme ir\u00e1nt felel\u0151ss\u00e9get \u00e9rezzenek, s ott kisz\u00e1m\u00edthat\u00f3 biztons\u00e1gban lehessenek.<\/span><\/p>\n<p style=\"text-align: justify;\"><span style=\"color: #000000;\"><strong>Az id\u0151sek ell\u00e1t\u00e1sa, \u00e1pol\u00e1sa<\/strong>, <strong>gondoz\u00e1sa<\/strong> komplex, ugyanakkor speci\u00e1lis ismereteket ig\u00e9nyl\u0151 tev\u00e9kenys\u00e9g. A t\u00e1rsadalmi berendezked\u00e9s \u00e1talakul\u00e1sa miatt egyre t\u00f6bb id\u0151s ember marad mag\u00e1ra, a csal\u00e1d nem tudja felv\u00e1llalni \u00e1pol\u00e1sukat, fel\u00fcgyelet\u00fcket. Az id\u0151sek otthon\u00e1ban e hi\u00e1nyt c\u00e9lunk p\u00f3tolni. A megfelel\u0151en kialak\u00edtott, az id\u0151s ember \u00e9lettani v\u00e1ltoz\u00e1saihoz alkalmazkod\u00f3 k\u00f6rnyezet biztos\u00edt\u00e1s\u00e1val el\u0151seg\u00edtj\u00fck az emberi m\u00e9lt\u00f3s\u00e1guk min\u00e9l tov\u00e1bbi megtart\u00e1s\u00e1t, csal\u00e1dias l\u00e9gk\u00f6r kialak\u00edt\u00e1s\u00e1val megakad\u00e1lyozzuk elszigetel\u0151d\u00e9s\u00fcket, pr\u00f3b\u00e1lunk t\u00e1mogat\u00f3, seg\u00edt\u0151 k\u00f6zegk\u00e9nt szerepelni \u00e9let\u00fck utols\u00f3 szakasz\u00e1ban.<\/span><\/p>\n<p style=\"text-align: justify;\"><span style=\"color: #000000;\"><strong>A<\/strong> <strong>Smaragd \u00e1pol\u00f3-gondoz\u00f3 c\u00e9l\u00fa lak\u00f3otthon<\/strong> lehet\u0151s\u00e9get ad arra, hogy a szolg\u00e1ltat\u00e1s min\u00e9l harmonikusabban illeszkedjen az ell\u00e1tottak eg\u00e9szs\u00e9gi \u00e1llapot\u00e1hoz, \u00f6nell\u00e1t\u00e1suk m\u00e9rt\u00e9k\u00e9hez, kihangs\u00falyozva auton\u00f3mi\u00e1juk min\u00e9l magasabb szint\u0171 megtart\u00e1s\u00e1t. Lak\u00f3otthonunk 12 f\u0151 \u00e9rtelmi fogyat\u00e9kkal \u00e9l\u0151 szem\u00e9ly befogad\u00e1s\u00e1ra alkalmas.<\/span><\/p>\n<p>&nbsp;<\/p>\n<p><a href=\"https:\/\/bekesmegye.reformatus.hu\/wp-content\/uploads\/UJ-FEJLECES-KERELEM-idos-Okany-modositott.docx\">Ide kattintva megtekintheti \u00e9s let\u00f6ltheti az ok\u00e1nyi id\u0151sekre vonatkoz\u00f3 k\u00e9relem mint\u00e1t.<\/a><\/p>\n<p><a href=\"https:\/\/bekesmegye.reformatus.hu\/wp-content\/uploads\/Kerelem-adatlap-ref.-fogy.2023.05.01-tol.doc\">Ide kattintva megtekintheti \u00e9s let\u00f6ltheti az ok\u00e1nyi fogyat\u00e9kos szem\u00e9lyekre vonatkoz\u00f3 k\u00e9relem mint\u00e1t.<\/a><\/p>\n<p><a href=\"https:\/\/bekesmegye.reformatus.hu\/wp-content\/uploads\/Teritesi-dij-valtozas-2025.-05.-01-tol-Okany.pdf\">Ide kattintva megtekintheti \u00e9s let\u00f6ltheti a t\u00e9r\u00edt\u00e9si d\u00edjakat. <\/a><\/p>\n<p><a href=\"https:\/\/bekesmegye.reformatus.hu\/fel_le\/BMRDK K\u00f6zlem\u00e9ny bel\u00e9p\u00e9si hozz\u00e1j\u00e1rul\u00e1sr\u00f3l.pdf\">Ide kattintva megtekintheti \u00e9s let\u00f6ltheti a BMRDK k\u00f6zlem\u00e9nyt a bel\u00e9p\u00e9si hozz\u00e1j\u00e1rul\u00e1shoz<\/a><\/p>\n","protected":false},"excerpt":{"rendered":"<p>Reform\u00e1tus Nefelejcs Otthon Ok\u00e1ny \u00a0 Elhivatott szakembereink \u00e9s dolgoz\u00f3ink c\u00e9lja, hogy szakszer\u0171 munkav\u00e9gz\u00e9ssel olyan \u00e9letteret biztos\u00edtsanak lak\u00f3inknak, mely csal\u00e1dias melegs\u00e9get \u00e1raszt, biztons\u00e1got \u00e9s t\u00e1maszt ny\u00fajt. \u00a0 A Reform\u00e1tus Nefelejcs Otthon<\/p>\n","protected":false},"author":48,"featured_media":0,"parent":0,"menu_order":0,"comment_status":"closed","ping_status":"closed","template":"","meta":{"_bbp_topic_count":0,"_bbp_reply_count":0,"_bbp_total_topic_count":0,"_bbp_total_reply_count":0,"_bbp_voice_count":0,"_bbp_anonymous_reply_count":0,"_bbp_topic_count_hidden":0,"_bbp_reply_count_hidden":0,"_bbp_forum_subforum_count":0,"_themeisle_gutenberg_block_has_review":false,"footnotes":""},"class_list":["post-753","page","type-page","status-publish","hentry"],"jetpack_sharing_enabled":true,"_links":{"self":[{"href":"https:\/\/bekesmegye.reformatus.hu\/index.php?rest_route=\/wp\/v2\/pages\/753","targetHints":{"allow":["GET"]}}],"collection":[{"href":"https:\/\/bekesmegye.reformatus.hu\/index.php?rest_route=\/wp\/v2\/pages"}],"about":[{"href":"https:\/\/bekesmegye.reformatus.hu\/index.php?rest_route=\/wp\/v2\/types\/page"}],"author":[{"embeddable":true,"href":"https:\/\/bekesmegye.reformatus.hu\/index.php?rest_route=\/wp\/v2\/users\/48"}],"replies":[{"embeddable":true,"href":"https:\/\/bekesmegye.reformatus.hu\/index.php?rest_route=%2Fwp%2Fv2%2Fcomments&post=753"}],"version-history":[{"count":10,"href":"https:\/\/bekesmegye.reformatus.hu\/index.php?rest_route=\/wp\/v2\/pages\/753\/revisions"}],"predecessor-version":[{"id":1232,"href":"https:\/\/bekesmegye.reformatus.hu\/index.php?rest_route=\/wp\/v2\/pages\/753\/revisions\/1232"}],"wp:attachment":[{"href":"https:\/\/bekesmegye.reformatus.hu\/index.php?rest_route=%2Fwp%2Fv2%2Fmedia&parent=753"}],"curies":[{"name":"wp","href":"https:\/\/api.w.org\/{rel}","templated":true}]}}