{"id":755,"date":"2023-07-11T13:40:43","date_gmt":"2023-07-11T11:40:43","guid":{"rendered":"https:\/\/bekesmegye.reformatus.hu\/?page_id=755"},"modified":"2025-05-21T16:17:19","modified_gmt":"2025-05-21T14:17:19","slug":"veszto-telephely-2","status":"publish","type":"page","link":"https:\/\/bekesmegye.reformatus.hu\/?page_id=755","title":{"rendered":"V\u00e9szt\u0151 Telephely"},"content":{"rendered":"\t\t<div data-elementor-type=\"wp-page\" data-elementor-id=\"755\" class=\"elementor elementor-755\">\n\t\t\t\t<div class=\"elementor-element elementor-element-7c395211 e-flex e-con-boxed wpr-particle-no wpr-jarallax-no wpr-parallax-no wpr-sticky-section-no e-con e-parent\" data-id=\"7c395211\" data-element_type=\"container\">\n\t\t\t\t\t<div class=\"e-con-inner\">\n\t\t\t\t<div class=\"elementor-element elementor-element-21b904cb elementor-widget elementor-widget-text-editor\" data-id=\"21b904cb\" data-element_type=\"widget\" data-widget_type=\"text-editor.default\">\n\t\t\t\t<div class=\"elementor-widget-container\">\n\t\t\t\t\t\t\t\t\t<p style=\"text-align: center;\"><strong>V\u00e9szt\u0151i Telephely<\/strong><\/p><p style=\"text-align: center;\">\u201eMert ahol a te kincsed van, ott lesz a te sz\u00edved is.\u201d (Mt 6, 21)<\/p><p>\u00a0<\/p><p style=\"text-align: justify;\">J\u00f3l tudjuk, milyen neh\u00e9z d\u00f6nt\u00e9st hozni az embernek, amikor \u00e9let\u00e9ben oda \u00e9rkezik, hogy valamelyik csal\u00e1dtagj\u00e1nak kiszolg\u00e1ltatott helyzet\u00e9n seg\u00edtenie kell. \u00c9ppen ez\u00e9rt v\u00e1lasztottuk vez\u00e9rig\u00e9nkben a fent olvasott Ig\u00e9t, mert hissz\u00fck \u00e9s valljuk, hogy amennyiben ell\u00e1tottjainkat kincsk\u00e9nt kezelj\u00fck, ell\u00e1t\u00e1suk nem teherr\u00e9, hanem szeretetteljes sz\u00edv\u00fcgy\u00fcnkk\u00e9 v\u00e1lik. Ezzel a c\u00e9llal \u00e9l \u00e9s munk\u00e1lkodik a <strong>Reform\u00e1tus Nefelejcs Otthon V\u00e9szt\u0151 \u00e9s Alapszolg\u00e1ltat\u00e1si K\u00f6zpont\u00a0<\/strong>V\u00e9szt\u0151 szeretettel teljes, csal\u00e1dias v\u00e1ros\u00e1ban.<\/p><p>\u00a0<\/p><p style=\"text-align: justify;\">A k\u00f6vetkez\u0151 szolg\u00e1ltat\u00e1sokban tudunk, \u00e9s lehet\u0151s\u00e9geinkhez m\u00e9rten szeretn\u00e9nk seg\u00edteni \u00d6nnek:<\/p><p>\u00a0<\/p><p><strong><u>Id\u0151sek otthona<\/u><\/strong><\/p><p style=\"text-align: justify;\">Az int\u00e9zm\u00e9ny\u00fcnk\u00f6n bel\u00fcl m\u0171k\u00f6d\u0151 40 f\u00e9r\u0151helyes id\u0151s ell\u00e1t\u00e1s r\u00e9szleg\u00e9ben demens \u00e9s fogyat\u00e9kkal \u00e9l\u0151 ell\u00e1tottjaink \u00f6n\u00e1ll\u00f3 \u00e9letvitelre nem, vagy csak r\u00e9szben k\u00e9pesek, illetve \u0151k m\u00e1r otthonukban sem gondozhat\u00f3ak, ez\u00e9rt teljes k\u00f6r\u0171 ell\u00e1t\u00e1st ig\u00e9nyelnek. \u00c9ppen ez\u00e9rt c\u00e9lunk a Krisztusi szeretetb\u0151l fakad\u00f3 gondoskod\u00e1s \u00e9s az emberi \u00e9let tisztelet\u00e9n alapul\u00f3 min\u0151s\u00e9gi \u00e1pol\u00e1s \u00e9s gondoz\u00e1s.<\/p><p style=\"text-align: justify;\">Alapvet\u0151 c\u00e9lunk, hogy az itt \u00e9l\u0151 id\u0151s ember \u2013 az el\u0151rehaladott kor \u00e9s betegs\u00e9gek ellen\u00e9re \u2013 \u00e9letmin\u0151s\u00e9g\u00e9t meg\u0151rizve, j\u00f3 k\u00f6z\u00e9rzettel, boldogan \u00e9lje \u00e9let\u00e9t, \u00e9rz\u00e9kelje a k\u00f6z\u00f6ss\u00e9g szeretet\u00e9t, k\u00e9pes legyen az adott pillanatok meg\u00e9l\u00e9s\u00e9re, \u00e1llapotroml\u00e1s\u00e1t k\u00e9sleltet\u0151 t\u00e1mogat\u00e1st kapjon, valamint hit\u00e9let\u00e9ben meg\u00e9lhesse Krisztus gy\u00f3gy\u00edt\u00f3 szeretet\u00e9t. Hissz\u00fck, hogy minden id\u0151s embert megillet az \u00e1pol\u00e1si-gondoz\u00e1si feladatokon t\u00fal a ment\u00e1lis fejleszt\u00e9s, foglalkoztat\u00e1s, pszich\u00e9s gondoz\u00e1s, a szabadid\u0151 hasznos elt\u00f6lt\u00e9se. Ezek megval\u00f3sul\u00e1s\u00e1t szakmai h\u00e1tt\u00e9r seg\u00edti, valamint int\u00e9zm\u00e9ny\u00fcnk alkalmai, kir\u00e1ndul\u00e1sai; a mindennapokat az ell\u00e1tottak kor\u00e1t, fizikai, ment\u00e1lis \u00e1llapot\u00e1t figyelembe v\u00e9ve int\u00e9zm\u00e9nyi szabadid\u0151s programok \u00e9s int\u00e9zm\u00e9nyen k\u00edv\u00fcli kir\u00e1ndul\u00e1sok megszervez\u00e9s\u00e9vel igyeksz\u00fcnk sz\u00ednes\u00edteni. Az int\u00e9zm\u00e9ny dolgoz\u00f3i szakmai munk\u00e1jukat tekintve tiszteletben tartj\u00e1k az id\u0151s emberek m\u00e9lt\u00f3s\u00e1g\u00e1t, \u00f6nrendelkez\u00e9s\u00e9t, szabads\u00e1g\u00e1t, egy\u00e9nis\u00e9g\u00e9t, tov\u00e1bb\u00e1 n\u00f6velik az ell\u00e1tottak \u00f6n\u00e1ll\u00f3 k\u00e9pess\u00e9geit az\u00e9rt, hogy megtarts\u00e1k auton\u00f3mi\u00e1jukat, pszich\u00e9s-szomatikus egyens\u00falyukat, emberi m\u00e9lt\u00f3s\u00e1gukat, mindezeket pedig kereszty\u00e9n elvek alapj\u00e1n val\u00f3s\u00edtj\u00e1k meg.<\/p><p style=\"text-align: justify;\">F\u0151 c\u00e9lkit\u0171z\u00e9seink k\u00f6z\u00f6tt szerepel a csal\u00e1dias hangulat megteremt\u00e9se is, melyhez hozz\u00e1tartozik az egy\u00e9ni, egyh\u00e1zi, tradicion\u00e1lis \u00fcnnepek, megeml\u00e9kez\u00e9sek k\u00f6z\u00f6ss\u00e9gben val\u00f3 meg\u00e9l\u00e9se. Az id\u0151sell\u00e1t\u00e1sunk r\u00e9szleg\u00e9nek csod\u00e1latos panor\u00e1m\u00e1ja pedig min\u0151s\u00e9gi id\u0151t\u00f6lt\u00e9s lehet\u0151s\u00e9g\u00e9t ny\u00fajtja a szolg\u00e1ltat\u00e1st ig\u00e9nybe vev\u0151knek elvonul\u00e1sra, elcsendesed\u00e9sre. Rendezett, d\u00edszn\u00f6v\u00e9nyekkel tark\u00edtott bels\u0151 udvar, kerti teraszaink \u00e9s a filag\u00f3ri\u00e1k fogadj\u00e1k az ide l\u00e1togat\u00f3kat, akik mintegy miniarbor\u00e9tumba cseppenve csod\u00e1lkozhatnak r\u00e1 a teremtett vil\u00e1g, a term\u00e9szet csod\u00e1j\u00e1ra. A r\u00e9szleg bels\u0151 k\u00f6rnyezet\u00e9nek csal\u00e1dias hangulat\u00fa berendez\u00e9se, a h\u00e1rom\u00e1gyas szob\u00e1k, a l\u00e1togat\u00f3k fogad\u00e1s\u00e1ra alkalmas helyis\u00e9gek, valamint a foglalkoztat\u00f3 terem mindazon\u00e1ltal seg\u00edti a mindennapi programok elk\u00fcl\u00f6n\u00fclt, zavartalan megval\u00f3s\u00edt\u00e1s\u00e1t.<\/p><p><strong><u>Alapszolg\u00e1ltat\u00e1si K\u00f6zpont <\/u><\/strong><\/p><p style=\"text-align: justify;\">A r\u00e9gi, nagy int\u00e9zm\u00e9ny k\u00e9tharmad r\u00e9sz\u00e9n val\u00f3sul meg az alapszolg\u00e1ltat\u00e1s, ahol helyet kap a fejleszt\u0151 foglalkoztat\u00e1s, akkredit\u00e1lt foglalkoztat\u00e1s, nappali ell\u00e1t\u00e1s \u00e9s a t\u00e1mogat\u00f3 szolg\u00e1ltat\u00e1s. A t\u00e1mogatott lakhat\u00e1si szolg\u00e1ltat\u00e1s ig\u00e9nybe vev\u0151i a komplex sz\u00fcks\u00e9gletfelm\u00e9r\u00e9s eredm\u00e9nyek\u00e9ppen ny\u00fajtott szolg\u00e1ltat\u00e1si elemeket kapj\u00e1k meg megfelel\u0151 szakmai v\u00e9gzetts\u00e9ggel rendelkez\u0151 munkat\u00e1rsakt\u00f3l. Az ell\u00e1tottjaink napk\u00f6zbeni tart\u00f3zkod\u00e1s\u00e1t is itt oldjuk meg. K\u00f6z\u00f6s alkalmainkat, \u00fcnnepeinket, programjainkat is helyben szervezz\u00fck, hogy meg\u00e9lhess\u00fck a k\u00f6z\u00f6ss\u00e9g form\u00e1l\u00f3 erej\u00e9t. Az Alapszolg\u00e1ltat\u00e1si K\u00f6zpontban b\u00e9rmos\u00e1st is v\u00e9gz\u00fcnk, mellyel k\u00f6z\u00f6ss\u00e9get v\u00e1llalunk \u00e9s egyben kifel\u00e9 is nyitunk a v\u00e1ros \u00e9s k\u00f6rny\u00e9k\u00e9nek int\u00e9zm\u00e9nyei fel\u00e9. Sokf\u00e9le int\u00e9zm\u00e9nnyel, egyes\u00fclettel, szervezettel, \u00f6nkorm\u00e1nyzattal \u00e9s az egyh\u00e1zzal is tartjuk a j\u00f3 kapcsolatot, melyet egym\u00e1s k\u00f6z\u00f6s alkalmain val\u00f3 r\u00e9szv\u00e9tel is t\u00fckr\u00f6z. Hissz\u00fck, hogy ami sz\u00e1munkra lehetetlen, az az Istennek lehets\u00e9ges \u2013 ez\u00e9rt minden lehet\u0151s\u00e9g\u00e9rt, meg\u00fajul\u00e1s\u00e9rt neki adunk h\u00e1l\u00e1t.<\/p><p>\u00a0<\/p><p><strong><u>Rubin Lak\u00f3otthon\u00a0<\/u><\/strong><\/p><p style=\"text-align: justify;\">Lak\u00f3otthonunk V\u00e9szt\u0151 v\u00e1ros k\u00f6zpontj\u00e1ban helyezkedik el, ennek k\u00f6sz\u00f6nhet\u0151en sok v\u00e1rosi program k\u00f6nnyen el\u00e9rhet\u0151 ell\u00e1tottjaink sz\u00e1m\u00e1ra. Int\u00e9zm\u00e9ny\u00fcnk 2003-ban nyitotta meg a lak\u00f3otthon kapuit 10 f\u0151 sz\u00e1m\u00e1ra, ahol az ell\u00e1t\u00e1st ig\u00e9nybe vev\u0151 szem\u00e9ly r\u00e9sz\u00e9re \u00e9letkor\u00e1nak, eg\u00e9szs\u00e9gi \u00e1llapot\u00e1nak \u00e9s \u00f6nell\u00e1t\u00e1sa m\u00e9rt\u00e9k\u00e9nek megfelel\u0151 ell\u00e1t\u00e1st biztos\u00edtunk.<\/p><p style=\"text-align: justify;\">Egy emeletes csal\u00e1di h\u00e1z ad otthont 2-3 \u00e1gyas szob\u00e1k eloszt\u00e1s\u00e1ban ell\u00e1tottjaink sz\u00e1m\u00e1ra, a k\u00f6z\u00f6s \u00e9tkez\u0151 helyis\u00e9g pedig lehet\u0151s\u00e9get ad besz\u00e9lget\u00e9sre, t\u00e1rsasj\u00e1t\u00e9koz\u00e1sra, valamint az egy\u00e9ni \u00e9s csoportos \u00e9telk\u00e9sz\u00edt\u00e9sre \u00e9s elfogyaszt\u00e1sra, melyek megteremtik a csal\u00e1dias hangulatot. Az udvar hangulata mag\u00e1val ragad\u00f3, k\u00fcl\u00f6nleges f\u00e1k, bokrok sz\u00ednes\u00edtik \u00e9s adnak kikapcsol\u00f3d\u00e1si lehet\u0151s\u00e9get az itt \u00e9l\u0151knek, valamint a hozz\u00e1juk l\u00e1togat\u00f3 vend\u00e9geknek. A Rubin Lak\u00f3otthon lak\u00f3i r\u00e9szt vesznek az akkredit\u00e1lt, rehabilit\u00e1ci\u00f3s foglalkoztat\u00e1sban, valamint a fejleszt\u0151 foglalkoztat\u00e1sban egyar\u00e1nt. Kiemelten fontosnak tartjuk foglalkoztat\u00e1sukat. Az ell\u00e1tottak \u00e9rtelmes, hasznos, \u00e9rt\u00e9kteremt\u0151 \u00e9s v\u00e1ltozatos munk\u00e1t v\u00e9geznek, mely\u00e9rt munkab\u00e9rt kapnak, munk\u00e1jukat pedig megbecs\u00fclik. Ment\u00e1lis k\u00e9pess\u00e9geik fejl\u0151dnek, pszich\u00e9s \u00e1llapotuk kiegyens\u00falyozottabb\u00e1 v\u00e1lik.<\/p><p>\u00a0<\/p><p><strong><u>T\u00e1mogatott lakhat\u00e1s <\/u><\/strong><\/p><p style=\"text-align: justify;\">A t\u00e1mogatott lakhat\u00e1s keret\u00e9n bel\u00fcl 2021. febru\u00e1rj\u00e1ban vette birtokba az els\u0151 12 f\u0151 az \u00faj szolg\u00e1ltat\u00e1si form\u00e1t. Int\u00e9zm\u00e9ny\u00fcnknek 6 fel\u00e9p\u00fclt s t\u00e1mogatott lakhat\u00e1st biztos\u00edt\u00f3 h\u00e1za van, mindegyik 12 f\u00e9r\u0151helyes kialak\u00edt\u00e1ssal. Jelenleg 5 h\u00e1z m\u0171k\u00f6dik.<\/p><p style=\"text-align: justify;\">A t\u00e1mogatott lakhat\u00e1s olyan innov\u00e1ci\u00f3, amelynek k\u00f6sz\u00f6nhet\u0151en az ott \u00e9l\u0151k ker\u00fclnek a k\u00f6z\u00e9ppontba sz\u00fcks\u00e9glet\u00fcknek, ig\u00e9nyeiknek megfelel\u0151en, elk\u00e9pzel\u00e9seik, d\u00f6nt\u00e9seik figyelembev\u00e9tel\u00e9vel, \u00e9letmin\u0151s\u00e9g\u00fck pedig el\u00e9ri a 21. sz\u00e1zad elv\u00e1r\u00e1sainak megfelel\u0151 szintj\u00e9t. A t\u00e1mogatott lakhat\u00e1s olyan ell\u00e1t\u00e1s, amely az \u00e9letkornak, eg\u00e9szs\u00e9gi \u00e1llapotnak \u00e9s \u00f6nell\u00e1t\u00e1si k\u00e9pess\u00e9gnek megfelel\u0151en az ell\u00e1tott \u00f6n\u00e1ll\u00f3 \u00e9letvitel\u00e9nek fenntart\u00e1sa, illetve el\u0151seg\u00edt\u00e9se \u00e9rdek\u00e9ben biztos\u00edtja:<\/p><ul><li style=\"text-align: justify;\">a lakhat\u00e1si szolg\u00e1ltat\u00e1st,<\/li><li style=\"text-align: justify;\">az \u00f6n\u00e1ll\u00f3 \u00e9letvitel fenntart\u00e1sa, seg\u00edt\u00e9se \u00e9rdek\u00e9ben a ment\u00e1lhigi\u00e9n\u00e9s, szoci\u00e1lis munka k\u00f6r\u00e9be tartoz\u00f3 \u00e9s egy\u00e9b t\u00e1mogat\u00f3 technik\u00e1k alkalmaz\u00e1s\u00e1val v\u00e9gzett esetvitelt,<\/li><li style=\"text-align: justify;\">a k\u00f6zszolg\u00e1ltat\u00e1sok \u00e9s a t\u00e1rsadalmi \u00e9letben val\u00f3 r\u00e9szv\u00e9telt seg\u00edt\u0151 m\u00e1s szolg\u00e1ltat\u00e1sok ig\u00e9nybev\u00e9tel\u00e9ben val\u00f3 seg\u00edts\u00e9gny\u00fajt\u00e1st,<\/li><li style=\"text-align: justify;\">az ell\u00e1tott komplex sz\u00fcks\u00e9gletfelm\u00e9r\u00e9se alapj\u00e1n, erre vonatkoz\u00f3 ig\u00e9ny eset\u00e9n<\/li><\/ul><p style=\"text-align: justify;\">\u00a0 \u00a0 \u00a0 \u00a0 \u00a0 \u00a0 \u00a0\u2013 a fel\u00fcgyeletet,<\/p><p>\u00a0 \u00a0 \u00a0 \u00a0 \u00a0 \u00a0 \u00a0\u2013 az \u00e9tkeztet\u00e9st,<\/p><p>\u00a0 \u00a0 \u00a0 \u00a0 \u00a0 \u00a0 \u00a0\u2013 a gondoz\u00e1st,<\/p><p>\u00a0 \u00a0 \u00a0 \u00a0 \u00a0 \u00a0 \u00a0\u2013 a k\u00e9szs\u00e9gfejleszt\u00e9st,<\/p><p>\u00a0 \u00a0 \u00a0 \u00a0 \u00a0 \u00a0 \u00a0\u2013 a tan\u00e1csad\u00e1st,<\/p><p>\u00a0 \u00a0 \u00a0 \u00a0 \u00a0 \u00a0 \u00a0\u2013 a pedag\u00f3giai seg\u00edts\u00e9gny\u00fajt\u00e1st,<\/p><p>\u00a0 \u00a0 \u00a0 \u00a0 \u00a0 \u00a0 \u00a0\u2013 a gy\u00f3gypedag\u00f3giai seg\u00edts\u00e9gny\u00fajt\u00e1st,<\/p><p>\u00a0 \u00a0 \u00a0 \u00a0 \u00a0 \u00a0 \u00a0\u2013 a sz\u00e1ll\u00edt\u00e1st,<\/p><p>\u00a0 \u00a0 \u00a0 \u00a0 \u00a0 \u00a0 \u00a0\u2013 a h\u00e1ztart\u00e1si vagy h\u00e1ztart\u00e1st p\u00f3tl\u00f3 seg\u00edts\u00e9gny\u00fajt\u00e1st.<\/p><p style=\"text-align: justify;\">Megteremti a lehet\u0151s\u00e9get a szolg\u00e1ltat\u00e1st ig\u00e9nybe vev\u0151k t\u00e1rsadalomba val\u00f3 bekapcsol\u00f3d\u00e1s\u00e1ra, az \u00e1tlagos \u00e9letforma meg\u00e9l\u00e9s\u00e9re, a szomsz\u00e9ds\u00e1g \u00e9s a t\u00e1gabb t\u00e1mogat\u00f3 k\u00f6r er\u0151forr\u00e1sainak ig\u00e9nybev\u00e9tel\u00e9re. Hozz\u00e1j\u00e1rul a fogyat\u00e9kkal \u00e9l\u0151k k\u00e9pess\u00e9geinek a t\u00e1rsadalomban t\u00f6rt\u00e9n\u0151 meg\u00e9l\u00e9s\u00e9hez, kibontakoz\u00e1s\u00e1hoz, lehet\u0151v\u00e9 teszi, hogy 6 szob\u00e1ban 12 f\u0151 lakhasson, biztos\u00edtva a szem\u00e9lyes \u00e9letteret sz\u00e1mukra. A nappali, konyha, terasz, udvar, kert egyben a k\u00f6z\u00f6ss\u00e9gi egy\u00fcttl\u00e9tre, szabadid\u0151s programok megrendez\u00e9s\u00e9re is alkalmas tereket ny\u00fajt.<\/p><p style=\"text-align: justify;\">A bek\u00f6lt\u00f6z\u0151k \u2013 k\u00e9pess\u00e9geiknek megfelel\u0151en \u2013 \u00f6n\u00e1ll\u00f3an alak\u00edtj\u00e1k \u00e9let\u00fcket, v\u00e9gzik a mindennapos feladatok ell\u00e1t\u00e1s\u00e1t, azaz a h\u00e1z takar\u00edt\u00e1s\u00e1t, esetenk\u00e9nt a vacsora \u00e9s a reggeli elk\u00e9sz\u00edt\u00e9s\u00e9t, a bev\u00e1s\u00e1rl\u00e1st, a ruh\u00e1zatuk mos\u00e1s\u00e1t stb., vagyis \u00fagy laknak \u00e9s \u00e9lnek itt, mint b\u00e1rki m\u00e1s saj\u00e1t otthon\u00e1ban. A napk\u00f6zbeni ell\u00e1t\u00e1st, fejleszt\u00e9st, foglalkoztat\u00e1st, \u00e9tkez\u00e9st tov\u00e1bbra is a k\u00f6zelben m\u0171k\u00f6d\u0151 Reform\u00e1tus Nefelejcs Otthon V\u00e9szt\u0151 \u00e9s Alapszolg\u00e1ltat\u00e1si K\u00f6zpontban vehetik ig\u00e9nybe. Ez az \u00e9letforma egy teljesen \u00faj megk\u00f6zel\u00edt\u00e9st jelent az eddigi szigor\u00fa int\u00e9zm\u00e9nyi ell\u00e1t\u00e1shoz k\u00e9pest, hiszen nem a korl\u00e1toz\u00e1sokra helyezi a hangs\u00falyt, hanem az \u00f6nrendelkez\u00e9sre \u00e9s a min\u00e9l \u00f6n\u00e1ll\u00f3bb \u00e9letre.<\/p><p style=\"text-align: justify;\">Csal\u00e1dias hangulat jellemzi az itt \u00e9l\u0151 k\u00f6z\u00f6ss\u00e9get, figyelnek egym\u00e1sra, t\u00e1mogatj\u00e1k egym\u00e1st, r\u00e9szt vesznek v\u00e1rosi rendezv\u00e9nyeken, az egy\u00fctt\u00e9l\u00e9si szab\u00e1ly betart\u00e1sa mellett m\u00e9gis k\u00f6tetlenebb, szabadabb \u00e9letet \u00e9lhetnek a nagy int\u00e9zm\u00e9nyi ell\u00e1t\u00f3rendszerhez k\u00e9pest, melyben seg\u00edtik, terelgetik \u0151ket a seg\u00edt\u0151k.<\/p><p>Minden ell\u00e1t\u00e1si form\u00e1nkra vonatkoz\u00f3an a j\u00f6v\u0151ben is t\u00f6reksz\u00fcnk arra, hogy jelenlegi \u00e9s \u00faj feladatainkat magas sz\u00ednvonalon, kiemelked\u0151 szak\u00e9rtelemmel v\u00e9gezz\u00fck, tov\u00e1bb\u00e1, hogy ell\u00e1tottjaink \u00e9s hozz\u00e1tartoz\u00f3ik a j\u00f6v\u0151ben is el\u00e9gedettek legyenek munk\u00e1nkkal. Rem\u00e9lj\u00fck, hogy egy sz\u00edvvel \u00e9s l\u00e9lekkel \u00e9lhetj\u00fck meg int\u00e9zm\u00e9ny\u00fcnk Vez\u00e9rig\u00e9j\u00e9t: \u201eMert ahol a te kincsed van, ott lesz a te sz\u00edved is.\u201d (Mt 6,21).<\/p><p>\u00a0<\/p><p style=\"text-align: center;\">S.D.G.<\/p><p style=\"text-align: center;\">Soli Deo Gloria \u2013 Egyed\u00fcl Isten\u00e9 A Dics\u0151s\u00e9g<\/p><p style=\"text-align: right;\">\u00a0Kocsis \u00c1d\u00e1m<\/p><p style=\"text-align: right;\">int\u00e9zm\u00e9nyvezet\u0151-lelkip\u00e1sztor<\/p><p>\u00a0<\/p><p><a href=\"https:\/\/bekesmegye.reformatus.hu\/fel_le\/K\u00e9relem - V\u00e9szt\u0151 id\u0151sek otthona.docx\">Ide kattintva megtekintheti \u00e9s let\u00f6ltheti a V\u00e9szt\u0151i id\u0151sek otthon k\u00e9relem mint\u00e1t.<\/a><\/p><p><a href=\"https:\/\/bekesmegye.reformatus.hu\/fel_le\/K\u00e9relem - V\u00e9szt\u0151 Rubin Lak\u00f3otthon.docx\">Ide kattintva megtekintheti \u00e9s let\u00f6ltheti a V\u00e9szt\u0151i Rubin lak\u00f3otthon k\u00e9relem mint\u00e1t.<\/a><\/p><p><a href=\"https:\/\/bekesmegye.reformatus.hu\/fel_le\/K\u00e9relem - V\u00e9szt\u0151 T\u00e1mogatott Lakhat\u00e1s.docx\">Ide kattintva megtekintheti \u00e9s let\u00f6ltheti a V\u00e9szt\u0151i T\u00e1mogat\u00f3i lakhat\u00e1s k\u00e9relem mint\u00e1t.<\/a><\/p><p><a href=\"https:\/\/bekesmegye.reformatus.hu\/wp-content\/uploads\/Teritesi-dij-valtozas-2025.-05.-01-tol-Veszto.pdf\">Ide kattintva megtekintheti \u00e9s let\u00f6ltheti a t\u00e9r\u00edt\u00e9si d\u00edjakat.<\/a><\/p><p><a href=\"https:\/\/bekesmegye.reformatus.hu\/wp-content\/uploads\/Teritesi-dij-valtozas-2025.-05.-01-tol-Veszto-TL-hazak.pdf\">Ide kattintva megtekintheti \u00e9s let\u00f6ltheti a TL h\u00e1zak t\u00e9r\u00edt\u00e9si d\u00edjait.<\/a><\/p><p><a href=\"https:\/\/bekesmegye.reformatus.hu\/wp-content\/uploads\/Teritesi-dij-valtozas-2025.-05.-01-tol-Veszto-alapszolgaltatas.pdf\">Ide kattintva megtekintheti \u00e9s let\u00f6ltheti az Alapszolg\u00e1ltat\u00e1s t\u00e9r\u00edt\u00e9si d\u00edjait.<\/a><\/p>\t\t\t\t\t\t\t\t<\/div>\n\t\t\t\t<\/div>\n\t\t\t\t\t<\/div>\n\t\t\t\t<\/div>\n\t\t\t\t<\/div>\n\t\t","protected":false},"excerpt":{"rendered":"<p>V\u00e9szt\u0151i Telephely \u201eMert ahol a te kincsed van, ott lesz a te sz\u00edved is.\u201d (Mt 6, 21) \u00a0 J\u00f3l tudjuk, milyen neh\u00e9z d\u00f6nt\u00e9st hozni az embernek, amikor \u00e9let\u00e9ben oda \u00e9rkezik,<\/p>\n","protected":false},"author":48,"featured_media":0,"parent":0,"menu_order":0,"comment_status":"closed","ping_status":"closed","template":"","meta":{"_bbp_topic_count":0,"_bbp_reply_count":0,"_bbp_total_topic_count":0,"_bbp_total_reply_count":0,"_bbp_voice_count":0,"_bbp_anonymous_reply_count":0,"_bbp_topic_count_hidden":0,"_bbp_reply_count_hidden":0,"_bbp_forum_subforum_count":0,"_themeisle_gutenberg_block_has_review":false,"footnotes":""},"class_list":["post-755","page","type-page","status-publish","hentry"],"jetpack_sharing_enabled":true,"_links":{"self":[{"href":"https:\/\/bekesmegye.reformatus.hu\/index.php?rest_route=\/wp\/v2\/pages\/755","targetHints":{"allow":["GET"]}}],"collection":[{"href":"https:\/\/bekesmegye.reformatus.hu\/index.php?rest_route=\/wp\/v2\/pages"}],"about":[{"href":"https:\/\/bekesmegye.reformatus.hu\/index.php?rest_route=\/wp\/v2\/types\/page"}],"author":[{"embeddable":true,"href":"https:\/\/bekesmegye.reformatus.hu\/index.php?rest_route=\/wp\/v2\/users\/48"}],"replies":[{"embeddable":true,"href":"https:\/\/bekesmegye.reformatus.hu\/index.php?rest_route=%2Fwp%2Fv2%2Fcomments&post=755"}],"version-history":[{"count":11,"href":"https:\/\/bekesmegye.reformatus.hu\/index.php?rest_route=\/wp\/v2\/pages\/755\/revisions"}],"predecessor-version":[{"id":1063,"href":"https:\/\/bekesmegye.reformatus.hu\/index.php?rest_route=\/wp\/v2\/pages\/755\/revisions\/1063"}],"wp:attachment":[{"href":"https:\/\/bekesmegye.reformatus.hu\/index.php?rest_route=%2Fwp%2Fv2%2Fmedia&parent=755"}],"curies":[{"name":"wp","href":"https:\/\/api.w.org\/{rel}","templated":true}]}}