{"id":822,"date":"2024-07-05T07:55:24","date_gmt":"2024-07-05T05:55:24","guid":{"rendered":"https:\/\/bekesmegye.reformatus.hu\/?page_id=822"},"modified":"2025-07-03T09:27:59","modified_gmt":"2025-07-03T07:27:59","slug":"programjaink","status":"publish","type":"page","link":"https:\/\/bekesmegye.reformatus.hu\/?page_id=822","title":{"rendered":"Programjaink"},"content":{"rendered":"<h2 style=\"text-align: center;\"><strong>Ny\u00edregyh\u00e1zi kir\u00e1ndul\u00e1s<\/strong><\/h2>\n<p style=\"text-align: justify;\"><strong>\u00a0<\/strong>2025.06.27-\u00e9n 4 f\u0151 ell\u00e1tottunk, illetve k\u00eds\u00e9r\u0151ik tartalmas, eml\u00e9kezetes kir\u00e1ndul\u00e1son vett r\u00e9szt az Egy\u00fctt Egym\u00e1s\u00e9rt Fogyat\u00e9kos Szem\u00e9lyek Fesztiv\u00e1lj\u00e1n.<\/p>\n<p style=\"text-align: justify;\">A fesztiv\u00e1l a Magdal\u00e9num Fogyat\u00e9kosok Reform\u00e1tus \u00c1pol\u00f3- Gondoz\u00f3 Otthon\u00e1nak szervez\u00e9s\u00e9ben val\u00f3sult meg a Ny\u00edregyh\u00e1zi \u00c1llatpark ter\u00fclet\u00e9n. Imm\u00e1r 22. alkalommal szervezt\u00e9k meg a rendezv\u00e9nyt, az orsz\u00e1g eg\u00e9sz ter\u00fclet\u00e9r\u0151l \u00e9rkeztek r\u00e9sztvev\u0151k k\u00eds\u00e9r\u0151ikkel. Az egyes csoportokat saj\u00e1t \u201eidegenvezet\u0151\u201d kalauzolta a park ter\u00fclet\u00e9n.<\/p>\n<p><a href=\"https:\/\/bekesmegye.reformatus.hu\/?attachment_id=1137\" rel=\"attachment wp-att-1137\"><img fetchpriority=\"high\" decoding=\"async\" class=\"alignleft size-full wp-image-1137\" src=\"https:\/\/bekesmegye.reformatus.hu\/wp-content\/uploads\/Seta-a-parkban.jpg\" alt=\"\" width=\"1536\" height=\"2048\" srcset=\"https:\/\/bekesmegye.reformatus.hu\/wp-content\/uploads\/Seta-a-parkban.jpg 1536w, https:\/\/bekesmegye.reformatus.hu\/wp-content\/uploads\/Seta-a-parkban-225x300.jpg 225w, https:\/\/bekesmegye.reformatus.hu\/wp-content\/uploads\/Seta-a-parkban-768x1024.jpg 768w, https:\/\/bekesmegye.reformatus.hu\/wp-content\/uploads\/Seta-a-parkban-1152x1536.jpg 1152w\" sizes=\"(max-width: 1536px) 100vw, 1536px\" \/><\/a><\/p>\n<p style=\"text-align: justify;\">K\u00f6z\u00f6s \u00e1h\u00edtatot k\u00f6vet\u0151en egy l\u00e1tv\u00e1nyos f\u00f3ka- show-t tekintettek meg a vend\u00e9gek, majd lehet\u0151s\u00e9g volt kiskocsival bej\u00e1rni a park ter\u00fclet\u00e9t. Megcsod\u00e1lhatt\u00e1k t\u00f6bbek k\u00f6z\u00f6tt az \u00d3cen\u00e1riumot is.<\/p>\n<p><a href=\"https:\/\/bekesmegye.reformatus.hu\/?attachment_id=1138\" rel=\"attachment wp-att-1138\"><img decoding=\"async\" class=\"alignleft size-full wp-image-1138\" src=\"https:\/\/bekesmegye.reformatus.hu\/wp-content\/uploads\/Korut-a-park-teruleten.jpg\" alt=\"\" width=\"1536\" height=\"2048\" srcset=\"https:\/\/bekesmegye.reformatus.hu\/wp-content\/uploads\/Korut-a-park-teruleten.jpg 1536w, https:\/\/bekesmegye.reformatus.hu\/wp-content\/uploads\/Korut-a-park-teruleten-225x300.jpg 225w, https:\/\/bekesmegye.reformatus.hu\/wp-content\/uploads\/Korut-a-park-teruleten-768x1024.jpg 768w, https:\/\/bekesmegye.reformatus.hu\/wp-content\/uploads\/Korut-a-park-teruleten-1152x1536.jpg 1152w\" sizes=\"(max-width: 1536px) 100vw, 1536px\" \/><\/a><\/p>\n<p style=\"text-align: justify;\">Az \u00e1llatpark egzotikus n\u00f6v\u00e9ny \u00e9s \u00e1llatvil\u00e1ga leny\u0171g\u00f6zte a r\u00e9sztvev\u0151ket, gyorsan rep\u00fclt az id\u0151 az \u00e1rnyas f\u00e1k k\u00f6z\u00f6tt. A szervez\u0151k a b\u0151s\u00e9ges vend\u00e9gl\u00e1t\u00e1sr\u00f3l is gondoskodtak, t\u00edz\u00f3rait eb\u00e9det \u00e9s uzsonn\u00e1t is biztos\u00edtottak a l\u00e1togat\u00f3knak.<\/p>\n<p><a href=\"https:\/\/bekesmegye.reformatus.hu\/?attachment_id=1136\" rel=\"attachment wp-att-1136\"><img decoding=\"async\" class=\"alignleft size-full wp-image-1136\" src=\"https:\/\/bekesmegye.reformatus.hu\/wp-content\/uploads\/Uzsonna.jpg\" alt=\"\" width=\"1536\" height=\"2048\" srcset=\"https:\/\/bekesmegye.reformatus.hu\/wp-content\/uploads\/Uzsonna.jpg 1536w, https:\/\/bekesmegye.reformatus.hu\/wp-content\/uploads\/Uzsonna-225x300.jpg 225w, https:\/\/bekesmegye.reformatus.hu\/wp-content\/uploads\/Uzsonna-768x1024.jpg 768w, https:\/\/bekesmegye.reformatus.hu\/wp-content\/uploads\/Uzsonna-1152x1536.jpg 1152w\" sizes=\"(max-width: 1536px) 100vw, 1536px\" \/><\/a><\/p>\n<p style=\"text-align: justify;\">A mozgalmas napot k\u00f6vet\u0151en ell\u00e1tottaink \u00e9lm\u00e9nyekkel telve indultak haza. A szervez\u0151knek ez\u00faton is k\u00f6sz\u00f6nj\u00fck ezt a csod\u00e1latos napot, b\u00edzunk benne, hogy j\u00f6v\u0151re ism\u00e9t m\u00f3dunkban \u00e1ll majd r\u00e9szt venni a rendezv\u00e9nyen.<\/p>\n<h2 style=\"text-align: center;\">Csal\u00e1di Nap a Reform\u00e1tus Nefelejcs Otthonban (Ok\u00e1ny)<\/h2>\n<p>&nbsp;<\/p>\n<p style=\"text-align: justify;\">A Balogh M\u00e1ty\u00e1s Reform\u00e1tus Diak\u00f3niai K\u00f6zpont ok\u00e1nyi telephely\u00e9n, a Reform\u00e1tus Nefelejcs Otthonban 2025.06.13-\u00e1n Csal\u00e1di Napot rendezt\u00fcnk ell\u00e1tottaink, illetve hozz\u00e1tartoz\u00f3ik sz\u00e1m\u00e1ra.<\/p>\n<p style=\"text-align: justify;\">Kor\u00e1bban ez az esem\u00e9ny ink\u00e1bb el\u0151ad\u00e1s jelleg\u0171, belt\u00e9ri program volt, azonban n\u00e9h\u00e1ny \u00e9ve \u201ekivitt\u00fck \u201eezt a programot a szabadt\u00e9rre, az int\u00e9zm\u00e9ny udvar\u00e1ra. A helysz\u00ednv\u00e1ltoz\u00e1s lehet\u0151v\u00e9 tette a mozg\u00e1sos tev\u00e9kenys\u00e9geket, melynek ell\u00e1tottaink kimondottan \u00f6r\u00fcltek.<\/p>\n<p style=\"text-align: justify;\">A k\u00f6sz\u00f6nt\u0151besz\u00e9dek elhangz\u00e1s\u00e1t k\u00f6vet\u0151en t\u00f6bb helysz\u00ednen k\u00fcl\u00f6nb\u00f6z\u0151 tev\u00e9kenys\u00e9gek kipr\u00f3b\u00e1l\u00e1sra ny\u00edlt lehet\u0151s\u00e9g. Az egyik helysz\u00ednen Herb\u00e1ly Andr\u00e1s el\u0151ad\u00f3m\u0171v\u00e9sz bety\u00e1rtanod\u00e1j\u00e1ban r\u00e9gi, korabeli eszk\u00f6z\u00f6ket,- mint p\u00e9ld\u00e1ul a karik\u00e1s ostort- illetve hat\u00e1stalan\u00edtott fegyvereket pr\u00f3b\u00e1lhattak ki az \u00e9rdekl\u0151d\u0151k.<\/p>\n<p><a href=\"https:\/\/bekesmegye.reformatus.hu\/?attachment_id=1110\" rel=\"attachment wp-att-1110\"><img loading=\"lazy\" decoding=\"async\" class=\"alignleft size-full wp-image-1110\" src=\"https:\/\/bekesmegye.reformatus.hu\/wp-content\/uploads\/Betyartanoda-fegyverbemutato.jpg\" alt=\"Bety\u00e1rtanoda- fegyverbemutat\u00f3\" width=\"2000\" height=\"1500\" srcset=\"https:\/\/bekesmegye.reformatus.hu\/wp-content\/uploads\/Betyartanoda-fegyverbemutato.jpg 2000w, https:\/\/bekesmegye.reformatus.hu\/wp-content\/uploads\/Betyartanoda-fegyverbemutato-300x225.jpg 300w, https:\/\/bekesmegye.reformatus.hu\/wp-content\/uploads\/Betyartanoda-fegyverbemutato-1024x768.jpg 1024w, https:\/\/bekesmegye.reformatus.hu\/wp-content\/uploads\/Betyartanoda-fegyverbemutato-768x576.jpg 768w, https:\/\/bekesmegye.reformatus.hu\/wp-content\/uploads\/Betyartanoda-fegyverbemutato-1536x1152.jpg 1536w\" sizes=\"(max-width: 2000px) 100vw, 2000px\" \/><\/a><\/p>\n<p style=\"text-align: justify;\">Egy m\u00e1sik helysz\u00ednen \u00e9vek \u00f3ta visszaj\u00e1r\u00f3 \u00edj\u00e1sz bar\u00e1tunk \u2013 Varga L\u00e1szl\u00f3- j\u00f3volt\u00e1b\u00f3l biztons\u00e1gos k\u00f6r\u00fclm\u00e9nyek k\u00f6z\u00f6tt ny\u00edlt lehet\u0151s\u00e9g az \u00edj\u00e1szat kipr\u00f3b\u00e1l\u00e1s\u00e1ra.<\/p>\n<p><a href=\"https:\/\/bekesmegye.reformatus.hu\/?attachment_id=1111\" rel=\"attachment wp-att-1111\"><img loading=\"lazy\" decoding=\"async\" class=\"alignleft size-full wp-image-1111\" src=\"https:\/\/bekesmegye.reformatus.hu\/wp-content\/uploads\/Ijaszat.jpg\" alt=\"\" width=\"1500\" height=\"2000\" srcset=\"https:\/\/bekesmegye.reformatus.hu\/wp-content\/uploads\/Ijaszat.jpg 1500w, https:\/\/bekesmegye.reformatus.hu\/wp-content\/uploads\/Ijaszat-225x300.jpg 225w, https:\/\/bekesmegye.reformatus.hu\/wp-content\/uploads\/Ijaszat-768x1024.jpg 768w, https:\/\/bekesmegye.reformatus.hu\/wp-content\/uploads\/Ijaszat-1152x1536.jpg 1152w\" sizes=\"(max-width: 1500px) 100vw, 1500px\" \/><\/a><\/p>\n<p style=\"text-align: justify;\">Harmadik helysz\u00edn\u00fcnk\u00f6n k\u00fcl\u00f6nb\u00f6z\u0151 \u00fcgyess\u00e9gi feladatokban m\u00e9rettethett\u00e9k meg k\u00e9pess\u00e9geiket ell\u00e1tottaink \u00e9s a v\u00e1llalkoz\u00f3 kedv\u0171 hozz\u00e1tartoz\u00f3ik.<\/p>\n<p><a href=\"https:\/\/bekesmegye.reformatus.hu\/?attachment_id=1113\" rel=\"attachment wp-att-1113\"><img loading=\"lazy\" decoding=\"async\" class=\" wp-image-1113 alignleft\" src=\"https:\/\/bekesmegye.reformatus.hu\/wp-content\/uploads\/Celbadobas-480x300.jpg\" alt=\"\" width=\"480\" height=\"300\" srcset=\"https:\/\/bekesmegye.reformatus.hu\/wp-content\/uploads\/Celbadobas-480x300.jpg 480w, https:\/\/bekesmegye.reformatus.hu\/wp-content\/uploads\/Celbadobas-200x125.jpg 200w\" sizes=\"(max-width: 480px) 100vw, 480px\" \/><\/a><\/p>\n<p><a href=\"https:\/\/bekesmegye.reformatus.hu\/?attachment_id=1112\" rel=\"attachment wp-att-1112\"><img loading=\"lazy\" decoding=\"async\" class=\"size-faith-normal-thumbnail wp-image-1112 aligncenter\" src=\"https:\/\/bekesmegye.reformatus.hu\/wp-content\/uploads\/Horgaszat-480x300.jpg\" alt=\"\" width=\"480\" height=\"300\" srcset=\"https:\/\/bekesmegye.reformatus.hu\/wp-content\/uploads\/Horgaszat-480x300.jpg 480w, https:\/\/bekesmegye.reformatus.hu\/wp-content\/uploads\/Horgaszat-200x125.jpg 200w\" sizes=\"(max-width: 480px) 100vw, 480px\" \/><\/a><\/p>\n<p style=\"text-align: justify;\">V\u00e9g\u00fcl negyedik \u00e1llom\u00e1sk\u00e9nt egy kreat\u00edv sarok v\u00e1rta az \u00e9rdekl\u0151d\u0151ket, ahol csill\u00e1mfest\u00e9sre, gy\u00f6ngyf\u0171z\u00e9sre, sz\u00ednez\u00e9sre stb. ad\u00f3dott lehet\u0151s\u00e9g.<\/p>\n<p><a href=\"https:\/\/bekesmegye.reformatus.hu\/?attachment_id=1109\" rel=\"attachment wp-att-1109\"><img loading=\"lazy\" decoding=\"async\" class=\"alignleft size-full wp-image-1109\" src=\"https:\/\/bekesmegye.reformatus.hu\/wp-content\/uploads\/Kreativ-sarok.jpg\" alt=\"\" width=\"2000\" height=\"1500\" srcset=\"https:\/\/bekesmegye.reformatus.hu\/wp-content\/uploads\/Kreativ-sarok.jpg 2000w, https:\/\/bekesmegye.reformatus.hu\/wp-content\/uploads\/Kreativ-sarok-300x225.jpg 300w, https:\/\/bekesmegye.reformatus.hu\/wp-content\/uploads\/Kreativ-sarok-1024x768.jpg 1024w, https:\/\/bekesmegye.reformatus.hu\/wp-content\/uploads\/Kreativ-sarok-768x576.jpg 768w, https:\/\/bekesmegye.reformatus.hu\/wp-content\/uploads\/Kreativ-sarok-1536x1152.jpg 1536w\" sizes=\"(max-width: 2000px) 100vw, 2000px\" \/><\/a><\/p>\n<p>&nbsp;<\/p>\n<p style=\"text-align: justify;\">A nap folyam\u00e1n a szint\u00e9n \u00e9vek \u00f3ta seg\u00edts\u00e9g\u00fcnkre siet\u0151 Ol\u00e1h Albert lovas kocsival kocsik\u00e1ztatta meg ell\u00e1tottainkat a telep\u00fcl\u00e9s utc\u00e1in.<\/p>\n<p><a href=\"https:\/\/bekesmegye.reformatus.hu\/?attachment_id=1114\" rel=\"attachment wp-att-1114\"><img loading=\"lazy\" decoding=\"async\" class=\"alignleft size-full wp-image-1114\" src=\"https:\/\/bekesmegye.reformatus.hu\/wp-content\/uploads\/Lovas-kocsizas.jpg\" alt=\"\" width=\"2000\" height=\"1125\" srcset=\"https:\/\/bekesmegye.reformatus.hu\/wp-content\/uploads\/Lovas-kocsizas.jpg 2000w, https:\/\/bekesmegye.reformatus.hu\/wp-content\/uploads\/Lovas-kocsizas-300x169.jpg 300w, https:\/\/bekesmegye.reformatus.hu\/wp-content\/uploads\/Lovas-kocsizas-1024x576.jpg 1024w, https:\/\/bekesmegye.reformatus.hu\/wp-content\/uploads\/Lovas-kocsizas-768x432.jpg 768w, https:\/\/bekesmegye.reformatus.hu\/wp-content\/uploads\/Lovas-kocsizas-1536x864.jpg 1536w, https:\/\/bekesmegye.reformatus.hu\/wp-content\/uploads\/Lovas-kocsizas-128x72.jpg 128w\" sizes=\"(max-width: 2000px) 100vw, 2000px\" \/><\/a><\/p>\n<p style=\"text-align: justify;\">A mozgalmas d\u00e9lel\u0151tt\u00f6t eb\u00e9d k\u00f6vette, majd egy n\u00e9vtelen adom\u00e1nyoz\u00f3 \u00e1ltal felaj\u00e1nlott fagylaltoz\u00e1ssal z\u00e1rtuk a napot.<\/p>\n<p>&nbsp;<\/p>\n<p>Forr\u00e1s:\u00a0 Kiss J\u00falia<\/p>\n<p>szoc. mts.<\/p>\n<p>&nbsp;<\/p>\n<h2 class=\"subject\" style=\"text-align: center;\">Ok\u00e1ny, gy\u00f6ngyf\u0171z\u0151 szakk\u00f6r ki\u00e1ll\u00edt\u00e1sa<\/h2>\n<p style=\"text-align: justify;\"><a href=\"https:\/\/bekesmegye.reformatus.hu\/?attachment_id=1095\" rel=\"attachment wp-att-1095\"><img loading=\"lazy\" decoding=\"async\" class=\"size-large wp-image-1095 alignnone\" src=\"https:\/\/bekesmegye.reformatus.hu\/wp-content\/uploads\/1000015430-1-1024x461.jpg\" alt=\"\" width=\"780\" height=\"351\" srcset=\"https:\/\/bekesmegye.reformatus.hu\/wp-content\/uploads\/1000015430-1-1024x461.jpg 1024w, https:\/\/bekesmegye.reformatus.hu\/wp-content\/uploads\/1000015430-1-300x135.jpg 300w, https:\/\/bekesmegye.reformatus.hu\/wp-content\/uploads\/1000015430-1-768x346.jpg 768w, https:\/\/bekesmegye.reformatus.hu\/wp-content\/uploads\/1000015430-1-1536x692.jpg 1536w, https:\/\/bekesmegye.reformatus.hu\/wp-content\/uploads\/1000015430-1.jpg 2016w\" sizes=\"(max-width: 780px) 100vw, 780px\" \/><\/a>Ok\u00e1ny telep\u00fcl\u00e9s egyre apad\u00f3 l\u00e9leksz\u00e1ma ellen\u00e9re a k\u00f6zs\u00e9gben sz\u00e1mos civil szervezet, klub,egyes\u00fclet, szakk\u00f6r m\u0171k\u00f6dik. A v\u00e1ltozatos tev\u00e9kenys\u00e9geket lehet\u0151v\u00e9 tev\u0151 szervezetek k\u00f6z\u00f6tt a lakoss\u00e1g megtal\u00e1lja az \u00e9rdekl\u0151d\u00e9si k\u00f6r\u00e9nek legmegfelel\u0151bbet. Ell\u00e1tottainkkal gyakran vesz\u00fcnk r\u00e9szt civil rendezv\u00e9nyeken. Ez alkalommal &#8211; 2025.06.10-\u00e9n &#8211;\u00a0 a gy\u00f6ngyf\u0171z\u0151 szakkor szervezett ki\u00e1ll\u00edt\u00e1st, melyre a t\u00e9ma ir\u00e1nt \u00e9rdekl\u0151d\u0151 ell\u00e1tottainkkal l\u00e1togattunk el. Ell\u00e1tottaink maguk is sz\u00edvesen v\u00e9gzik ezt a tev\u00e9kenys\u00e9get a foglalkoztat\u00e1sok, egy\u00e9ni fejleszt\u00e9sek sor\u00e1n, vagy ak\u00e1r szabadidej\u00fckben is kedvtel\u00e9sb\u0151l. \u00d6r\u00f6mmel vettek r\u00e9szt a rendezv\u00e9nyen, ahol a sz\u00edves vend\u00e9gl\u00e1t\u00e1s mellett sz\u00e1mos \u00faj \u00f6tlettel inspir\u00e1l\u00f3dhattak.<\/p>\n<p>Forr\u00e1s: Kiss J\u00falia<br \/>\nszoc.mts.<\/p>\n<p>&nbsp;<\/p>\n<p>&nbsp;<\/p>\n<p>&nbsp;<\/p>\n<p><a href=\"https:\/\/bekesmegye.reformatus.hu\/?attachment_id=1092\" rel=\"attachment wp-att-1092\"><img loading=\"lazy\" decoding=\"async\" class=\"wp-image-1092 aligncenter\" src=\"https:\/\/bekesmegye.reformatus.hu\/wp-content\/uploads\/1000015426-1-576x1024.jpg\" alt=\"\" width=\"576\" height=\"1024\" srcset=\"https:\/\/bekesmegye.reformatus.hu\/wp-content\/uploads\/1000015426-1-576x1024.jpg 576w, https:\/\/bekesmegye.reformatus.hu\/wp-content\/uploads\/1000015426-1-169x300.jpg 169w, https:\/\/bekesmegye.reformatus.hu\/wp-content\/uploads\/1000015426-1-768x1365.jpg 768w, https:\/\/bekesmegye.reformatus.hu\/wp-content\/uploads\/1000015426-1-864x1536.jpg 864w, https:\/\/bekesmegye.reformatus.hu\/wp-content\/uploads\/1000015426-1.jpg 1125w\" sizes=\"(max-width: 576px) 100vw, 576px\" \/><\/a><\/p>\n<p>&nbsp;<\/p>\n<p><a href=\"https:\/\/bekesmegye.reformatus.hu\/?attachment_id=1093\" rel=\"attachment wp-att-1093\"><img loading=\"lazy\" decoding=\"async\" class=\"size-large wp-image-1093 alignnone\" src=\"https:\/\/bekesmegye.reformatus.hu\/wp-content\/uploads\/1000015428-1024x461.jpg\" alt=\"\" width=\"780\" height=\"351\" srcset=\"https:\/\/bekesmegye.reformatus.hu\/wp-content\/uploads\/1000015428-1024x461.jpg 1024w, https:\/\/bekesmegye.reformatus.hu\/wp-content\/uploads\/1000015428-300x135.jpg 300w, https:\/\/bekesmegye.reformatus.hu\/wp-content\/uploads\/1000015428-768x346.jpg 768w, https:\/\/bekesmegye.reformatus.hu\/wp-content\/uploads\/1000015428-1536x692.jpg 1536w, https:\/\/bekesmegye.reformatus.hu\/wp-content\/uploads\/1000015428.jpg 2016w\" sizes=\"(max-width: 780px) 100vw, 780px\" \/><\/a><\/p>\n<p>&nbsp;<\/p>\n<p><a href=\"https:\/\/bekesmegye.reformatus.hu\/?attachment_id=1094\" rel=\"attachment wp-att-1094\"><img loading=\"lazy\" decoding=\"async\" class=\"size-large wp-image-1094 alignnone\" src=\"https:\/\/bekesmegye.reformatus.hu\/wp-content\/uploads\/1000015427-1-1024x461.jpg\" alt=\"\" width=\"780\" height=\"351\" srcset=\"https:\/\/bekesmegye.reformatus.hu\/wp-content\/uploads\/1000015427-1-1024x461.jpg 1024w, https:\/\/bekesmegye.reformatus.hu\/wp-content\/uploads\/1000015427-1-300x135.jpg 300w, https:\/\/bekesmegye.reformatus.hu\/wp-content\/uploads\/1000015427-1-768x346.jpg 768w, https:\/\/bekesmegye.reformatus.hu\/wp-content\/uploads\/1000015427-1-1536x692.jpg 1536w, https:\/\/bekesmegye.reformatus.hu\/wp-content\/uploads\/1000015427-1.jpg 2016w\" sizes=\"(max-width: 780px) 100vw, 780px\" \/><\/a><\/p>\n<p>&nbsp;<\/p>\n<p>&nbsp;<\/p>\n<p>&nbsp;<\/p>\n<p>&nbsp;<\/p>\n<p><img loading=\"lazy\" decoding=\"async\" class=\"alignnone size-medium wp-image-826 aligncenter\" src=\"https:\/\/bekesmegye.reformatus.hu\/wp-content\/uploads\/748pJKqjwrauJ0FX.webp\" alt=\"\" width=\"61\" height=\"68\" \/><\/p>\n<p>&nbsp;<\/p>\n<p><img loading=\"lazy\" decoding=\"async\" class=\"alignnone wp-image-842 size-full\" src=\"https:\/\/bekesmegye.reformatus.hu\/wp-content\/uploads\/okanywebu-1.png\" alt=\"\" width=\"736\" height=\"340\" srcset=\"https:\/\/bekesmegye.reformatus.hu\/wp-content\/uploads\/okanywebu-1.png 736w, https:\/\/bekesmegye.reformatus.hu\/wp-content\/uploads\/okanywebu-1-300x139.png 300w\" sizes=\"(max-width: 736px) 100vw, 736px\" \/><\/p>\n<p>&nbsp;<\/p>\n<p><img loading=\"lazy\" decoding=\"async\" class=\"size-medium wp-image-824 alignleft\" src=\"https:\/\/bekesmegye.reformatus.hu\/wp-content\/uploads\/Messenger_creation_3cd89e15-1c79-4c5c-8e0b-a4daebb95ff9-225x300.jpeg\" alt=\"\" width=\"225\" height=\"300\" \/> <img loading=\"lazy\" decoding=\"async\" class=\"size-medium wp-image-825 alignright\" src=\"https:\/\/bekesmegye.reformatus.hu\/wp-content\/uploads\/Messenger_creation_e8cb7536-0c0b-434a-bde6-cec6bba5d7061-225x300.jpeg\" alt=\"\" width=\"225\" height=\"300\" \/><\/p>\n","protected":false},"excerpt":{"rendered":"<p>Ny\u00edregyh\u00e1zi kir\u00e1ndul\u00e1s \u00a02025.06.27-\u00e9n 4 f\u0151 ell\u00e1tottunk, illetve k\u00eds\u00e9r\u0151ik tartalmas, eml\u00e9kezetes kir\u00e1ndul\u00e1son vett r\u00e9szt az Egy\u00fctt Egym\u00e1s\u00e9rt Fogyat\u00e9kos Szem\u00e9lyek Fesztiv\u00e1lj\u00e1n. A fesztiv\u00e1l a Magdal\u00e9num Fogyat\u00e9kosok Reform\u00e1tus \u00c1pol\u00f3- Gondoz\u00f3 Otthon\u00e1nak szervez\u00e9s\u00e9ben val\u00f3sult<\/p>\n","protected":false},"author":60,"featured_media":0,"parent":753,"menu_order":0,"comment_status":"closed","ping_status":"closed","template":"","meta":{"_bbp_topic_count":0,"_bbp_reply_count":0,"_bbp_total_topic_count":0,"_bbp_total_reply_count":0,"_bbp_voice_count":0,"_bbp_anonymous_reply_count":0,"_bbp_topic_count_hidden":0,"_bbp_reply_count_hidden":0,"_bbp_forum_subforum_count":0,"_themeisle_gutenberg_block_has_review":false,"footnotes":""},"class_list":["post-822","page","type-page","status-publish","hentry"],"jetpack_sharing_enabled":true,"_links":{"self":[{"href":"https:\/\/bekesmegye.reformatus.hu\/index.php?rest_route=\/wp\/v2\/pages\/822","targetHints":{"allow":["GET"]}}],"collection":[{"href":"https:\/\/bekesmegye.reformatus.hu\/index.php?rest_route=\/wp\/v2\/pages"}],"about":[{"href":"https:\/\/bekesmegye.reformatus.hu\/index.php?rest_route=\/wp\/v2\/types\/page"}],"author":[{"embeddable":true,"href":"https:\/\/bekesmegye.reformatus.hu\/index.php?rest_route=\/wp\/v2\/users\/60"}],"replies":[{"embeddable":true,"href":"https:\/\/bekesmegye.reformatus.hu\/index.php?rest_route=%2Fwp%2Fv2%2Fcomments&post=822"}],"version-history":[{"count":8,"href":"https:\/\/bekesmegye.reformatus.hu\/index.php?rest_route=\/wp\/v2\/pages\/822\/revisions"}],"predecessor-version":[{"id":1139,"href":"https:\/\/bekesmegye.reformatus.hu\/index.php?rest_route=\/wp\/v2\/pages\/822\/revisions\/1139"}],"up":[{"embeddable":true,"href":"https:\/\/bekesmegye.reformatus.hu\/index.php?rest_route=\/wp\/v2\/pages\/753"}],"wp:attachment":[{"href":"https:\/\/bekesmegye.reformatus.hu\/index.php?rest_route=%2Fwp%2Fv2%2Fmedia&parent=822"}],"curies":[{"name":"wp","href":"https:\/\/api.w.org\/{rel}","templated":true}]}}