{"id":975,"date":"2025-05-06T21:23:54","date_gmt":"2025-05-06T19:23:54","guid":{"rendered":"https:\/\/bekesmegye.reformatus.hu\/?page_id=975"},"modified":"2025-05-21T16:28:43","modified_gmt":"2025-05-21T14:28:43","slug":"vendegtajekoztato","status":"publish","type":"page","link":"https:\/\/bekesmegye.reformatus.hu\/?page_id=975","title":{"rendered":"Vend\u00e9gt\u00e1j\u00e9koztat\u00f3"},"content":{"rendered":"<div style=\"width: 780px;\" class=\"wp-video\"><!--[if lt IE 9]><script>document.createElement('video');<\/script><![endif]-->\n<video class=\"wp-video-shortcode\" id=\"video-975-1\" width=\"780\" height=\"439\" preload=\"metadata\" controls=\"controls\"><source type=\"video\/mp4\" src=\"https:\/\/bekesmegye.reformatus.hu\/wp-content\/uploads\/Nevtelen-video-\u2013-A-Clipchamppel-keszult-4-1-1.mp4?_=1\" \/><a href=\"https:\/\/bekesmegye.reformatus.hu\/wp-content\/uploads\/Nevtelen-video-\u2013-A-Clipchamppel-keszult-4-1-1.mp4\">https:\/\/bekesmegye.reformatus.hu\/wp-content\/uploads\/Nevtelen-video-\u2013-A-Clipchamppel-keszult-4-1-1.mp4<\/a><\/video><\/div>\n<p>&nbsp;<\/p>\n<p>&nbsp;<\/p>\n<p>&nbsp;<\/p>\n<p><a href=\"https:\/\/bekesmegye.reformatus.hu\/?attachment_id=1043\" rel=\"attachment wp-att-1043\"><img fetchpriority=\"high\" decoding=\"async\" class=\"size-full wp-image-1043 aligncenter\" src=\"https:\/\/bekesmegye.reformatus.hu\/wp-content\/uploads\/Korosvolgy-udulo-csillag-nelkul-regi.jpg\" alt=\"\" width=\"863\" height=\"333\" srcset=\"https:\/\/bekesmegye.reformatus.hu\/wp-content\/uploads\/Korosvolgy-udulo-csillag-nelkul-regi.jpg 863w, https:\/\/bekesmegye.reformatus.hu\/wp-content\/uploads\/Korosvolgy-udulo-csillag-nelkul-regi-300x116.jpg 300w, https:\/\/bekesmegye.reformatus.hu\/wp-content\/uploads\/Korosvolgy-udulo-csillag-nelkul-regi-768x296.jpg 768w\" sizes=\"(max-width: 863px) 100vw, 863px\" \/><\/a><\/p>\n<p>&nbsp;<\/p>\n<p>&nbsp;<\/p>\n<p style=\"text-align: center;\">VEND\u00c9GT\u00c1J\u00c9KOZTAT\u00d3<\/p>\n<p>&nbsp;<\/p>\n<p>Isten hozta a K\u00f6r\u00f6sv\u00f6lgy \u00fcd\u00fcl\u0151ben!<\/p>\n<p style=\"text-align: justify;\"><strong>Az al\u00e1bbiakban fontos inform\u00e1ci\u00f3k olvashat\u00f3ak az \u00fcd\u00fcl\u0151 m\u0171k\u00f6d\u00e9s\u00e9vel, h\u00e1zirendj\u00e9vel kapcsolatosan:<\/strong><\/p>\n<p style=\"text-align: center;\"><strong>\u00c9rkez\u00e9si id\u0151: 14,00 \u00f3r\u00e1t\u00f3l<br \/>\nT\u00e1voz\u00e1si id\u0151: 10,00 \u00f3r\u00e1ig<\/strong><\/p>\n<p>9,00 \u00e9s 18, 00 \u00f3ra k\u00f6z\u00f6tt biztos\u00edtunk recepci\u00f3s szolg\u00e1latot.<\/p>\n<p style=\"text-align: justify;\"><strong>Ki- \u00e9s bej\u00e1r\u00e1s menete<\/strong><br \/>\nA vend\u00e9gek r\u00e9sz\u00e9re saj\u00e1t szobakulcsot biztos\u00edtunk, melyet b\u00e1rmely id\u0151pontban tudnak haszn\u00e1lni. A dupla \u00fcveges bej\u00e1rat 6,00 \u00e9s 21,00 \u00f3ra k\u00f6z\u00f6tt folyamatos nyitva tartass\u00e1l m\u0171k\u00f6dik. Ett\u0151l elt\u00e9r\u0151 t\u00e1voz\u00e1st \u00e9s \u00e9rkez\u00e9st k\u00e9rj\u00fck, el\u0151re egyeztesse a szolg\u00e1latban l\u00e9v\u0151 szem\u00e9lyzettel!<\/p>\n<p style=\"text-align: justify;\"><strong>Fizet\u00e9si m\u00f3dok<\/strong><br \/>\nA fizet\u00e9s t\u00f6rt\u00e9nhet k\u00e9szp\u00e9nzzel (HUF \u00e9s EURO), hitelk\u00e1rty\u00e1val, el\u0151reutal\u00e1ssal (Elfogadunk: VISA, Eurocard, Amennyiben k\u00e9s\u0151bb \u00e9rkezne, k\u00e9rj\u00fck, jelezze fel\u00e9nk\u00a0<strong>+36 20\u00a0543 3976<\/strong>\u00a0telefonsz\u00e1mon.<\/p>\n<p style=\"text-align: justify;\">Amennyiben nem rendelkezik el\u0151zetes foglal\u00e1ssal a vend\u00e9g \u00fagy bejelentkez\u00e9skor azonnal fizet\u00e9ssel foglalhatja el a szob\u00e1t.<br \/>\nVend\u00e9geink r\u00e9sz\u00e9re lehet\u0151s\u00e9get biztos\u00edtunk korai \u00e9rkez\u00e9sre \u00e9s k\u00e9s\u0151i t\u00e1voz\u00e1sra tel\u00edtetts\u00e9g f\u00fcggv\u00e9ny\u00e9ben is, ami k\u00fcl\u00f6n t\u00e9r\u00edt\u00e9s ellen\u00e9ben lehets\u00e9ges.<br \/>\nA bejelent\u0151lapot k\u00e9rj\u00fck, pontosan kit\u00f6lteni, hogy az \u00f6nkorm\u00e1nyzat idegenforgalmi ad\u00f3ra vonatkoz\u00f3 el\u0151\u00edr\u00e1sainak eleget tudjunk tenni.<\/p>\n<p style=\"text-align: justify;\">Korai kijelentkez\u00e9s eset\u00e9n k\u00e9rj\u00fck, hogy az elutaz\u00e1s el\u0151tti napon a sz\u00e1ml\u00e1t sz\u00edveskedjen kiegyenl\u00edteni a recepci\u00f3n.<\/p>\n<p style=\"text-align: justify;\"><strong>L\u00e1togat\u00f3k<\/strong><br \/>\nL\u00e1togat\u00f3 fogad\u00e1si sz\u00e1nd\u00e9k\u00e1t k\u00e9rj\u00fck, jelezze el\u0151re a recepci\u00f3n.<\/p>\n<p style=\"text-align: justify;\">A szob\u00e1kban csak a bejelentkezett sz\u00e1ll\u00f3vend\u00e9geink tart\u00f3zkodhatnak. K\u00e9rj\u00fck, hogy priv\u00e1t vend\u00e9geit a sz\u00e1lloda terasz\u00e1n, vagy a k\u00f6z\u00f6ss\u00e9gi helyis\u00e9gekben fogadja.<\/p>\n<p style=\"text-align: justify;\"><strong>Kulcs<\/strong><br \/>\nSz\u00e1llod\u00e1nkb\u00f3l val\u00f3 kijelentkez\u00e9skor, elutaz\u00e1skor k\u00e9rj\u00fck, hogy a szoba kulcsait a recepci\u00f3n leadni sz\u00edveskedjenek. Kulcs elveszt\u00e9se eset\u00e9n a vend\u00e9g k\u00f6teles megfizetni annak \u00e1r\u00e1t.<br \/>\nP\u00f3tkulcs kauci\u00f3 ellen\u00e9ben a recepci\u00f3n ig\u00e9nyelhet\u0151.<\/p>\n<p style=\"text-align: justify;\"><strong>Recepci\u00f3<\/strong>Mastercard, Maestro, Amex OTP k\u00e1rty\u00e1t).<\/p>\n<p><a href=\"https:\/\/bekesmegye.reformatus.hu\/?attachment_id=977\" rel=\"attachment wp-att-977\"><img decoding=\"async\" class=\"alignleft wp-image-977\" src=\"https:\/\/bekesmegye.reformatus.hu\/wp-content\/uploads\/Kep2.png\" alt=\"\" width=\"68\" height=\"68\" srcset=\"https:\/\/bekesmegye.reformatus.hu\/wp-content\/uploads\/Kep2.png 172w, https:\/\/bekesmegye.reformatus.hu\/wp-content\/uploads\/Kep2-150x150.png 150w\" sizes=\"(max-width: 68px) 100vw, 68px\" \/><\/a><a href=\"https:\/\/bekesmegye.reformatus.hu\/?attachment_id=978\" rel=\"attachment wp-att-978\"><img decoding=\"async\" class=\"alignleft wp-image-978\" src=\"https:\/\/bekesmegye.reformatus.hu\/wp-content\/uploads\/Kep3.png\" alt=\"\" width=\"82\" height=\"49\" \/><\/a><a href=\"https:\/\/bekesmegye.reformatus.hu\/?attachment_id=979\" rel=\"attachment wp-att-979\"><img loading=\"lazy\" decoding=\"async\" class=\"alignleft wp-image-979\" src=\"https:\/\/bekesmegye.reformatus.hu\/wp-content\/uploads\/Kep4.png\" alt=\"\" width=\"72\" height=\"45\" \/><\/a><\/p>\n<p><a href=\"https:\/\/bekesmegye.reformatus.hu\/?attachment_id=980\" rel=\"attachment wp-att-980\"><img loading=\"lazy\" decoding=\"async\" class=\"alignleft wp-image-980\" src=\"https:\/\/bekesmegye.reformatus.hu\/wp-content\/uploads\/Kep5-e1746622470161.png\" alt=\"\" width=\"87\" height=\"51\" \/><\/a> <a href=\"https:\/\/bekesmegye.reformatus.hu\/?attachment_id=981\" rel=\"attachment wp-att-981\"><img loading=\"lazy\" decoding=\"async\" class=\"alignleft wp-image-981\" src=\"https:\/\/bekesmegye.reformatus.hu\/wp-content\/uploads\/Kep6.png\" alt=\"\" width=\"61\" height=\"61\" srcset=\"https:\/\/bekesmegye.reformatus.hu\/wp-content\/uploads\/Kep6.png 188w, https:\/\/bekesmegye.reformatus.hu\/wp-content\/uploads\/Kep6-150x150.png 150w\" sizes=\"(max-width: 61px) 100vw, 61px\" \/><\/a><\/p>\n<p>&nbsp;<\/p>\n<p>&nbsp;<\/p>\n<p>&nbsp;<\/p>\n<p>&nbsp;<\/p>\n<p>Sz\u00e1mlaig\u00e9ny\u00e9t k\u00e9rj\u00fck, el\u0151re jelezni sz\u00edveskedjenek!<\/p>\n<p><strong>Internet<\/strong><br \/>\nSz\u00e9less\u00e1v\u00fa internet el\u00e9rhet\u0151 az \u00fcd\u00fcl\u0151 minden helyis\u00e9g\u00e9ben.<\/p>\n<p><strong>Telev\u00edzi\u00f3<\/strong><br \/>\nA szob\u00e1kban, valamint a bej\u00e1rati k\u00f6z\u00f6ss\u00e9gi helyis\u00e9gben elhelyezett TV el\u0151re programozott csatorn\u00e1k foghat\u00f3k.<\/p>\n<p><strong>\u00c9tkez\u00e9s<\/strong><br \/>\nAz \u00fcd\u00fcl\u0151 b\u00fcf\u00e9reggelit biztos\u00edt vend\u00e9geinek. Egy\u00e9b \u00e9ttermi szolg\u00e1ltat\u00e1st is (eb\u00e9d, vacsora) ig\u00e9nybe lehet venni. Erre vonatkoz\u00f3 ig\u00e9nyeket szolg\u00e1ltat\u00e1st megel\u0151z\u0151 nap 10,00 \u00f3r\u00e1ig jelezni sz\u00fcks\u00e9ges. Az \u00e9tteremb\u0151l tilos \u00e9telt kivinni (el\u0151zetes egyeztet\u00e9s alapj\u00e1n, k\u00fcl\u00f6n t\u00e9r\u00edt\u00e9s ellen\u00e9ben van elvitelre, csomagol\u00e1sra lehet\u0151s\u00e9g).<br \/>\nReggeliztet\u00e9s 7,00 \u2013 10,00 \u00f3ra k\u00f6z\u00f6tt, sv\u00e9dasztalos form\u00e1ban t\u00f6rt\u00e9nik.<\/p>\n<p>Eb\u00e9d 12,00 \u2013 14,00 \u00f3ra k\u00f6z\u00f6tt vehet\u0151 ig\u00e9nybe.<\/p>\n<p>Vacsora 17,00 &#8211; 18,30 \u00f3ra k\u00f6z\u00f6tt vehet\u0151 ig\u00e9nybe.<\/p>\n<p><strong>Gyermek\u00e1gy<\/strong><br \/>\nA recepci\u00f3n 2 \u00e9ves korig t\u00e9r\u00edt\u00e9smentesen ig\u00e9nyelhet\u0151. \u00dcd\u00fcl\u0151nk gyermekbar\u00e1t, ez\u00e9rt a kisgyermekekkel \u00e9rkez\u0151 csal\u00e1dok r\u00e9sz\u00e9re, k\u00fcl\u00f6nf\u00e9le felszerel\u00e9seket tudunk biztos\u00edtani (f\u00fcrdet\u0151 k\u00e1d, etet\u0151sz\u00e9k).<br \/>\nFelh\u00edvjuk a sz\u00fcl\u0151k figyelm\u00e9t \u2013 a gyermekek biztons\u00e1ga \u00e9rdek\u00e9ben \u2013 a fokozott sz\u00fcl\u0151i fel\u00fcgyeletre! Gyermek \u00e1ltal okozott k\u00e1rt a sz\u00fcl\u0151 k\u00f6teles megt\u00e9r\u00edteni!<\/p>\n<p><strong>\u00c9jszakai pihen\u00e9s<\/strong><br \/>\nK\u00e9rj\u00fck, hogy 22 \u00f3ra ut\u00e1n, a vend\u00e9gek nyugalm\u00e1nak meg\u0151rz\u00e9se \u00e9rdek\u00e9ben a zajos tev\u00e9kenys\u00e9gt\u0151l tart\u00f3zkodjanak.<\/p>\n<p style=\"text-align: justify;\"><strong>\u00c9rt\u00e9kmeg\u0151rz\u00e9s<\/strong><br \/>\nA szob\u00e1ban tartott \u00e9rt\u00e9kek\u00e9rt az \u00fcd\u00fcl\u0151 felel\u0151ss\u00e9get nem v\u00e1llal.<br \/>\nA recepci\u00f3n k\u00f6zponti sz\u00e9f ingyenesen vehet\u0151 ig\u00e9nybe.<\/p>\n<p style=\"text-align: justify;\"><strong>Varr\u00f3k\u00e9szlet<\/strong><br \/>\nVarr\u00f3k\u00e9szlet a recepci\u00f3n ig\u00e9nyelhet\u0151.<\/p>\n<p style=\"text-align: justify;\"><strong>Szobaszolg\u00e1lat<\/strong><br \/>\nA recepci\u00f3n ig\u00e9nyelhet\u0151 extra takar\u00f3-pl\u00e9d, kis p\u00e1rna, nagy p\u00e1rna.<\/p>\n<p style=\"text-align: justify;\"><strong>Takar\u00edt\u00e1s<\/strong><br \/>\n\u00dcd\u00fcl\u0151nkben napi takar\u00edt\u00e1s 11,00-15,00 \u00f3ra k\u00f6z\u00f6tt t\u00f6rt\u00e9nik. Amennyiben \u00d6n nem k\u00e9r takar\u00edt\u00e1st, \u00fagy k\u00e9rj\u00fck, a recepci\u00f3n jelezze azt.<\/p>\n<p style=\"text-align: justify;\"><strong>Hajsz\u00e1r\u00edt\u00f3<\/strong><br \/>\nAz \u00fcd\u00fcl\u0151 recepci\u00f3j\u00e1n\u00e1l lehet\u0151s\u00e9g van hajsz\u00e1r\u00edt\u00f3 ig\u00e9nyl\u00e9s\u00e9re.<\/p>\n<p style=\"text-align: justify;\"><strong>T\u00f6r\u00f6lk\u00f6z\u0151<\/strong><br \/>\nA t\u00f6r\u00f6lk\u00f6z\u0151ket az energia megtakar\u00edt\u00e1sra val\u00f3 tekintettel 3 nap ut\u00e1n, a f\u00fcrd\u0151szoba padl\u00f3j\u00e1ra ledobott t\u00f6r\u00f6lk\u00f6z\u0151ket automatikusan cser\u00e9lj\u00fck. A t\u00f6r\u00f6lk\u00f6z\u0151k napi cser\u00e9je k\u00fcl\u00f6n k\u00e9r\u00e9sre, d\u00edjaz\u00e1s ellen\u00e9ben lehets\u00e9ges.<\/p>\n<p style=\"text-align: justify;\"><strong>\u00c1gynem\u0171csere<\/strong><br \/>\nHetente 1-2 alkalommal cser\u00e9lj\u00fck az \u00e1gynem\u0171huzatokat. Napi cser\u00e9re k\u00fcl\u00f6n t\u00e9r\u00edt\u00e9s ellen\u00e9ben lehets\u00e9ges. Amennyiben a tisztas\u00e1ggal vagy egy\u00e9b probl\u00e9m\u00e1val kapcsolatosan hib\u00e1t \u00e9szlel, k\u00e9rj\u00fck, azonnal jelezze recepci\u00f3nkon, hogy az \u00d6n\u00f6k k\u00e9nyelme \u00e9rdek\u00e9ben miel\u0151bb tudjuk orvosolni \u00e9s elh\u00e1r\u00edtani a hib\u00e1t, illetve hi\u00e1nyoss\u00e1got.<\/p>\n<p style=\"text-align: justify;\"><strong>H\u00e1zi\u00e1llatok<\/strong><br \/>\n\u00dcd\u00fcl\u0151nkbe kis \u00e1llatok nem hozhat\u00f3k!<\/p>\n<p style=\"text-align: justify;\"><strong>Bor\u00edt\u00e9k lev\u00e9lpap\u00edr, \u00edr\u00f3eszk\u00f6z, jegyzett\u00f6mb<\/strong><br \/>\nVend\u00e9geinknek k\u00e9r\u00e9sre biztos\u00edtunk. Forduljon a recepci\u00f3hoz.<\/p>\n<p style=\"text-align: justify;\"><strong>Cip\u0151\u00e1pol\u00e1s<\/strong><br \/>\nA recepci\u00f3n ig\u00e9nyelhet\u0151k cip\u0151tiszt\u00edt\u00f3 eszk\u00f6z\u00f6k.<\/p>\n<p style=\"text-align: justify;\"><strong>F\u0171t\u00e9s, h\u0171t\u00e9s<\/strong><br \/>\nAz \u00e9p\u00fclet Fan Coil rendszerben m\u0171k\u00f6dik, \u00edgy szob\u00e1nk\u00e9nt szab\u00e1lyozhat\u00f3k ak\u00e1r f\u0171t\u00e9s, ak\u00e1r l\u00e9gkondicion\u00e1l\u00e1s sz\u00fcks\u00e9ges. A k\u00e9sz\u00fcl\u00e9k bez\u00e1rt ny\u00edl\u00e1sz\u00e1r\u00f3k mellett \u00fczemeltethet\u0151. A szob\u00e1b\u00f3l val\u00f3 t\u00e1voz\u00e1s eset\u00e9n k\u00e9rj\u00fck, kikapcsolt \u00e1llapotban hagyni.<\/p>\n<p style=\"text-align: justify;\"><strong>Parkol\u00e1s<\/strong><br \/>\nKamer\u00e1val megfigyelt parkol\u00f3nkban, illetve az udvarban lehets\u00e9ges. Parkol\u00e1sn\u00e1l \u00fcgyeljenek a parkol\u00f3helyek min\u00e9l jobb kihaszn\u00e1l\u00e1s\u00e1ra.<\/p>\n<p style=\"text-align: justify;\"><strong>Kamera rendszer<\/strong><br \/>\nVend\u00e9geink biztons\u00e1ga \u00e9rdek\u00e9ben \u00e9p\u00fclet\u00fcnk k\u00f6z\u00f6ss\u00e9gi tereiben, foly\u00f3sokon, tov\u00e1bb\u00e1 a parkol\u00f3k, a k\u00fcls\u0151 utcafrontokon, valamint az \u00e9p\u00fclet h\u00e1ts\u00f3 z\u00e1rt udvar\u00e1ban kamera rendszer m\u0171k\u00f6dik.<\/p>\n<p style=\"text-align: justify;\"><strong>Ker\u00e9kp\u00e1r<\/strong><br \/>\nK\u00fcl\u00f6n t\u00e9r\u00edt\u00e9s ellen\u00e9ben b\u00e9rl\u00e9si ig\u00e9ny\u00e9t a recepci\u00f3n jelezze.<\/p>\n<p style=\"text-align: justify;\"><strong>K\u00e1rokoz\u00e1s<\/strong><br \/>\nK\u00e9rj\u00fck, vigy\u00e1zzanak az \u00fcd\u00fcl\u0151 berendez\u00e9seire, t\u00e1rgyainak \u00e9ps\u00e9g\u00e9re, azokat rendeltet\u00e9sszer\u0171en haszn\u00e1lj\u00e1k.<br \/>\nA dekor\u00e1ci\u00f3s c\u00e9lt szolg\u00e1l\u00f3 t\u00e1rgyakat k\u00e9rj\u00fck, ne vegy\u00e9k el a hely\u00fckr\u0151l. Sz\u00e1nd\u00e9kosan vagy gondatlan k\u00e1rokoz\u00e1s eset\u00e9n a k\u00e1rokoz\u00f3 szem\u00e9ly k\u00e1rt\u00e9r\u00edt\u00e9si felel\u0151ss\u00e9ggel tartozik, melyr\u0151l \u00edr\u00e1sos feljegyz\u00e9s k\u00e9sz\u00fcl.<\/p>\n<p style=\"text-align: justify;\"><strong>M\u0171szaki szolg\u00e1ltat\u00e1s<\/strong><br \/>\nAmennyiben a szob\u00e1ban m\u0171szaki hib\u00e1t \u00e9szlel, k\u00e9rj\u00fck, a recepci\u00f3n jelezze!<\/p>\n<p style=\"text-align: justify;\"><strong>Tal\u00e1lt t\u00e1rgyak<\/strong><br \/>\nTal\u00e1lt t\u00e1rgyakkal kapcsolatban a recepci\u00f3n lehet \u00e9rdekl\u0151dni.<\/p>\n<p style=\"text-align: justify;\"><strong>F\u00e9nym\u00e1sol\u00e1s, nyomtat\u00e1s<\/strong><br \/>\nA recepci\u00f3n vehet\u0151 ig\u00e9nybe. K\u00e9rj\u00fck ott t\u00e1j\u00e9koz\u00f3djon a felt\u00e9telekr\u0151l.<\/p>\n<p style=\"text-align: justify;\"><strong>T\u0171zjelz\u0151<\/strong><br \/>\n\u00dcd\u00fcl\u0151nkben porral olt\u00f3 k\u00e9sz\u00fcl\u00e9kek ker\u00fcltek elhelyez\u00e9sre minden \u00e9p\u00fcletszinten.<br \/>\nMinden helyis\u00e9g rendelkezik f\u00fcstjelz\u0151vel, ez\u00e9rt fokozott figyelmet k\u00e9r\u00fcnk a szor\u00f3anyagok haszn\u00e1lat\u00e1n\u00e1l (p\u00e9ld\u00e1ul, hajlakk, parf\u00fcm).<br \/>\nT\u0171z eset\u00e9n k\u00e9rj\u00fck, hogy a szobaajt\u00f3 bels\u0151 oldal\u00e1n kif\u00fcggesztett menek\u00fcl\u00e9si \u00fatvonal szerint keresse meg a legk\u00f6zelebbi v\u00e9szkij\u00e1ratot, \u00e9s miel\u0151bb hagyja el a sz\u00e1ll\u00f3 \u00e9p\u00fclet\u00e9t!<\/p>\n<p style=\"text-align: justify;\"><strong>V\u00e9dj\u00fck egy\u00fctt k\u00f6rnyezet\u00fcnket<\/strong><br \/>\nK\u00e9rj\u00fck, hogy csak annyi energi\u00e1t \u00e9s vizet haszn\u00e1ljon, amennyi komfort\u00e9rzet\u00e9hez sz\u00fcks\u00e9ges.<\/p>\n<p style=\"text-align: justify;\"><strong>Vend\u00e9g \u00e9szrev\u00e9tel<\/strong><br \/>\nK\u00e9rj\u00fck, minden \u00e9szrev\u00e9tel\u00e9t jelezze fel\u00e9nk, mert ezzel seg\u00edti munk\u00e1nkat. \u00c9szrev\u00e9teleit k\u00f6z\u00f6lheti szem\u00e9lyesen a recepci\u00f3n, e-mailben. Minden \u00e9szrev\u00e9telt k\u00f6sz\u00f6n\u00fcnk.<br \/>\nAmennyiben negat\u00edv \u00e9szrev\u00e9tele van k\u00e9rj\u00fck, azt miel\u0151bb jelezze fel\u00e9nk m\u00e9g az \u00fcd\u00fcl\u0151ben tart\u00f3zkod\u00e1skor, hogy miel\u0151bb tudjuk orvosolni a kellemetlens\u00e9get.<br \/>\nA sz\u00e1ll\u00f3 rendelkezik <a href=\"https:\/\/paradislife.com\/informaciok-vendegeinknek\/panaszkezelesi-szabalyzat\/\">Panaszkezel\u00e9si szab\u00e1lyzat<\/a>tal.<\/p>\n<p style=\"text-align: justify;\"><strong>Bankautomata<\/strong><br \/>\nAz \u00fcd\u00fcl\u0151h\u00f6z legk\u00f6zelebb es\u0151 bank automata a Gyulai \u00fati OTP Bank.<\/p>\n<p style=\"text-align: justify;\"><strong>Csomagmeg\u0151rz\u00e9s<\/strong><br \/>\nRecepci\u00f3nk mellett, priv\u00e1t helyis\u00e9gben biztons\u00e1gos csomag-meg\u0151rz\u0151 szolg\u00e1ltat\u00e1st ny\u00fajtunk \u00e9rkez\u0151 \u00e9s t\u00e1voz\u00f3 vend\u00e9geink r\u00e9sz\u00e9re.<\/p>\n<p style=\"text-align: justify;\"><strong>Doh\u00e1nyz\u00e1s<\/strong><br \/>\nAz \u00fcd\u00fcl\u0151 \u00e9p\u00fcletben, szob\u00e1iban tilos a doh\u00e1nyz\u00e1s!<br \/>\nDoh\u00e1nyozni kiz\u00e1r\u00f3lag az arra kijel\u00f6lt helyeken lehets\u00e9ges. Tilos helyen t\u00f6rt\u00e9n\u0151 doh\u00e1nyz\u00e1s, k\u00e1rokoz\u00e1s anyagi felel\u0151ss\u00e9ggel j\u00e1r.<\/p>\n<p style=\"text-align: justify;\"><strong>Els\u0151seg\u00e9ly<\/strong><br \/>\n\u00dcd\u00fcl\u0151nk recepci\u00f3j\u00e1n els\u0151seg\u00e9ly k\u00e9szlet tal\u00e1lhat\u00f3, amely seg\u00edts\u00e9get ny\u00fajt a s\u00e9r\u00fcl\u00e9sek gyors ell\u00e1t\u00e1sa \u00e9rdek\u00e9ben. Amennyiben a probl\u00e9ma tart\u00f3san fenn\u00e1ll \u00e9s a f\u00e1jdalom nem sz\u0171nik, \u00fagy k\u00e9rje recepci\u00f3nk seg\u00edts\u00e9g\u00e9t.<\/p>\n<p style=\"text-align: justify;\"><strong>Seg\u00e9lyh\u00edv\u00f3<\/strong><br \/>\n112 (Ment\u0151, t\u0171zolt\u00f3, rend\u0151rs\u00e9g)<\/p>\n<p style=\"text-align: justify;\"><strong>Elektromos \u00e1ram<\/strong><br \/>\nSz\u00e1ll\u00f3nk elektromos h\u00e1l\u00f3zata 220 V\/50Hz m\u0171k\u00f6dik.<\/p>\n<p style=\"text-align: justify;\"><strong>L\u00e1tnival\u00f3k, programok<\/strong><br \/>\nInform\u00e1ci\u00f3t a recepci\u00f3n kaphatnak.<\/p>\n<p style=\"text-align: center;\"><em>J\u00f3 pihen\u00e9st \u00e9s kellemes id\u0151t\u00f6lt\u00e9st k\u00edv\u00e1n a K\u00f6r\u00f6sv\u00f6lgy \u00fcd\u00fcl\u0151 szem\u00e9lyzete!<\/em><\/p>\n<p><a href=\"https:\/\/bekesmegye.reformatus.hu\/wp-content\/uploads\/Korosvolgy-Udulo-bemutato.docx\" rel=\"attachment wp-att-982\">VEND\u00c9GT\u00c1J\u00c9KOZTAT\u00d3<\/a> let\u00f6lthet\u0151 Word form\u00e1tumban is.<\/p>\n<p>&nbsp;<\/p>\n","protected":false},"excerpt":{"rendered":"<p>&nbsp; &nbsp; &nbsp; &nbsp; &nbsp; VEND\u00c9GT\u00c1J\u00c9KOZTAT\u00d3 &nbsp; Isten hozta a K\u00f6r\u00f6sv\u00f6lgy \u00fcd\u00fcl\u0151ben! Az al\u00e1bbiakban fontos inform\u00e1ci\u00f3k olvashat\u00f3ak az \u00fcd\u00fcl\u0151 m\u0171k\u00f6d\u00e9s\u00e9vel, h\u00e1zirendj\u00e9vel kapcsolatosan: \u00c9rkez\u00e9si id\u0151: 14,00 \u00f3r\u00e1t\u00f3l T\u00e1voz\u00e1si id\u0151: 10,00 \u00f3r\u00e1ig<\/p>\n","protected":false},"author":60,"featured_media":0,"parent":847,"menu_order":0,"comment_status":"closed","ping_status":"closed","template":"","meta":{"_bbp_topic_count":0,"_bbp_reply_count":0,"_bbp_total_topic_count":0,"_bbp_total_reply_count":0,"_bbp_voice_count":0,"_bbp_anonymous_reply_count":0,"_bbp_topic_count_hidden":0,"_bbp_reply_count_hidden":0,"_bbp_forum_subforum_count":0,"_themeisle_gutenberg_block_has_review":false,"footnotes":""},"class_list":["post-975","page","type-page","status-publish","hentry"],"jetpack_sharing_enabled":true,"_links":{"self":[{"href":"https:\/\/bekesmegye.reformatus.hu\/index.php?rest_route=\/wp\/v2\/pages\/975","targetHints":{"allow":["GET"]}}],"collection":[{"href":"https:\/\/bekesmegye.reformatus.hu\/index.php?rest_route=\/wp\/v2\/pages"}],"about":[{"href":"https:\/\/bekesmegye.reformatus.hu\/index.php?rest_route=\/wp\/v2\/types\/page"}],"author":[{"embeddable":true,"href":"https:\/\/bekesmegye.reformatus.hu\/index.php?rest_route=\/wp\/v2\/users\/60"}],"replies":[{"embeddable":true,"href":"https:\/\/bekesmegye.reformatus.hu\/index.php?rest_route=%2Fwp%2Fv2%2Fcomments&post=975"}],"version-history":[{"count":15,"href":"https:\/\/bekesmegye.reformatus.hu\/index.php?rest_route=\/wp\/v2\/pages\/975\/revisions"}],"predecessor-version":[{"id":1074,"href":"https:\/\/bekesmegye.reformatus.hu\/index.php?rest_route=\/wp\/v2\/pages\/975\/revisions\/1074"}],"up":[{"embeddable":true,"href":"https:\/\/bekesmegye.reformatus.hu\/index.php?rest_route=\/wp\/v2\/pages\/847"}],"wp:attachment":[{"href":"https:\/\/bekesmegye.reformatus.hu\/index.php?rest_route=%2Fwp%2Fv2%2Fmedia&parent=975"}],"curies":[{"name":"wp","href":"https:\/\/api.w.org\/{rel}","templated":true}]}}